{"id":5945,"date":"2025-06-23T22:33:06","date_gmt":"2025-06-23T22:33:06","guid":{"rendered":"http:\/\/www.fayo5015.odns.fr\/?post_type=portfolio&#038;p=5945"},"modified":"2025-06-23T22:53:43","modified_gmt":"2025-06-23T22:53:43","slug":"mariage-ariane-guillaume","status":"publish","type":"portfolio","link":"https:\/\/www.yohannfaupelphotography.fr\/en\/portfolio\/mariage-ariane-guillaume\/","title":{"rendered":"Wedding to Ariane &amp; Guillaume"},"content":{"rendered":"<p class=\"has-text-align-center has-black-color has-text-color has-link-color has-small-font-size wp-elements-af8f063181e07ef4e6d5387be6663bc9\">Ariane &amp; Guillaume, two doctors who decided to get married in Provence to officially unite their love. Between the omnipresent joy and the tears of emotion during the speeches by their loved ones, the day went magnificently well.<\/p>\n\n\n<div class=\"wp-block-image\">\n<figure class=\"aligncenter size-full\"><img fetchpriority=\"high\" decoding=\"async\" width=\"2560\" height=\"1920\" src=\"https:\/\/www.yohannfaupelphotography.fr\/wp-content\/uploads\/2025\/06\/AG-217-scaled.jpg\" alt=\"\" class=\"wp-image-5948\" srcset=\"https:\/\/www.yohannfaupelphotography.fr\/wp-content\/uploads\/2025\/06\/AG-217-scaled.jpg 2560w, https:\/\/www.yohannfaupelphotography.fr\/wp-content\/uploads\/2025\/06\/AG-217-300x225.jpg 300w, https:\/\/www.yohannfaupelphotography.fr\/wp-content\/uploads\/2025\/06\/AG-217-1024x768.jpg 1024w, https:\/\/www.yohannfaupelphotography.fr\/wp-content\/uploads\/2025\/06\/AG-217-768x576.jpg 768w, https:\/\/www.yohannfaupelphotography.fr\/wp-content\/uploads\/2025\/06\/AG-217-1536x1152.jpg 1536w, https:\/\/www.yohannfaupelphotography.fr\/wp-content\/uploads\/2025\/06\/AG-217-2048x1536.jpg 2048w\" sizes=\"(max-width: 2560px) 100vw, 2560px\" \/><\/figure>\n<\/div>\n\n\n<blockquote class=\"wp-block-quote is-layout-flow wp-block-quote-is-layout-flow\">\n<p class=\"has-black-color has-text-color has-link-color has-small-font-size wp-elements-7e2eef980526ca5a5fd04b30362089b9\">\"We recommend yohann to anyone looking for a smiling, discreet and professional photographer. We are fully satisfied and would happily dive back into his magnificent photos ... \"<br><strong>&#8211; Ariane &amp; Guillaume<\/strong><\/p>\n<\/blockquote>\n\n\n\n<figure class=\"wp-block-gallery has-nested-images columns-default is-cropped wp-block-gallery-1 is-layout-flex wp-block-gallery-is-layout-flex\">\n<figure class=\"wp-block-image size-large\"><img decoding=\"async\" width=\"1024\" height=\"768\" data-id=\"5949\" src=\"https:\/\/www.yohannfaupelphotography.fr\/wp-content\/uploads\/2025\/06\/bordeaux-wedding-planner-1024x768.jpg\" alt=\"\" class=\"wp-image-5949\" srcset=\"https:\/\/www.yohannfaupelphotography.fr\/wp-content\/uploads\/2025\/06\/bordeaux-wedding-planner-1024x768.jpg 1024w, https:\/\/www.yohannfaupelphotography.fr\/wp-content\/uploads\/2025\/06\/bordeaux-wedding-planner-300x225.jpg 300w, https:\/\/www.yohannfaupelphotography.fr\/wp-content\/uploads\/2025\/06\/bordeaux-wedding-planner-768x576.jpg 768w, https:\/\/www.yohannfaupelphotography.fr\/wp-content\/uploads\/2025\/06\/bordeaux-wedding-planner-1536x1152.jpg 1536w, https:\/\/www.yohannfaupelphotography.fr\/wp-content\/uploads\/2025\/06\/bordeaux-wedding-planner-2048x1536.jpg 2048w\" sizes=\"(max-width: 1024px) 100vw, 1024px\" \/><\/figure>\n\n\n\n<figure class=\"wp-block-image size-large\"><img decoding=\"async\" width=\"717\" height=\"1024\" data-id=\"5951\" src=\"https:\/\/www.yohannfaupelphotography.fr\/wp-content\/uploads\/2025\/06\/luxury-wedding-in-provence-717x1024.jpg\" alt=\"\" class=\"wp-image-5951\" srcset=\"https:\/\/www.yohannfaupelphotography.fr\/wp-content\/uploads\/2025\/06\/luxury-wedding-in-provence-717x1024.jpg 717w, https:\/\/www.yohannfaupelphotography.fr\/wp-content\/uploads\/2025\/06\/luxury-wedding-in-provence-210x300.jpg 210w, https:\/\/www.yohannfaupelphotography.fr\/wp-content\/uploads\/2025\/06\/luxury-wedding-in-provence-768x1096.jpg 768w, https:\/\/www.yohannfaupelphotography.fr\/wp-content\/uploads\/2025\/06\/luxury-wedding-in-provence-1076x1536.jpg 1076w, https:\/\/www.yohannfaupelphotography.fr\/wp-content\/uploads\/2025\/06\/luxury-wedding-in-provence-1435x2048.jpg 1435w, https:\/\/www.yohannfaupelphotography.fr\/wp-content\/uploads\/2025\/06\/luxury-wedding-in-provence-scaled.jpg 1794w\" sizes=\"(max-width: 717px) 100vw, 717px\" \/><\/figure>\n\n\n\n<figure class=\"wp-block-image size-large\"><img loading=\"lazy\" decoding=\"async\" width=\"768\" height=\"1024\" data-id=\"5953\" src=\"https:\/\/www.yohannfaupelphotography.fr\/wp-content\/uploads\/2025\/06\/luxury-wedding-photographer-768x1024.jpg\" alt=\"\" class=\"wp-image-5953\" srcset=\"https:\/\/www.yohannfaupelphotography.fr\/wp-content\/uploads\/2025\/06\/luxury-wedding-photographer-768x1024.jpg 768w, https:\/\/www.yohannfaupelphotography.fr\/wp-content\/uploads\/2025\/06\/luxury-wedding-photographer-225x300.jpg 225w, https:\/\/www.yohannfaupelphotography.fr\/wp-content\/uploads\/2025\/06\/luxury-wedding-photographer-1152x1536.jpg 1152w, https:\/\/www.yohannfaupelphotography.fr\/wp-content\/uploads\/2025\/06\/luxury-wedding-photographer-1536x2048.jpg 1536w, https:\/\/www.yohannfaupelphotography.fr\/wp-content\/uploads\/2025\/06\/luxury-wedding-photographer-scaled.jpg 1920w\" sizes=\"(max-width: 768px) 100vw, 768px\" \/><\/figure>\n\n\n\n<figure class=\"wp-block-image size-large\"><img loading=\"lazy\" decoding=\"async\" width=\"768\" height=\"1024\" data-id=\"5952\" src=\"https:\/\/www.yohannfaupelphotography.fr\/wp-content\/uploads\/2025\/06\/mariage-bordeaux-768x1024.jpg\" alt=\"\" class=\"wp-image-5952\" srcset=\"https:\/\/www.yohannfaupelphotography.fr\/wp-content\/uploads\/2025\/06\/mariage-bordeaux-768x1024.jpg 768w, https:\/\/www.yohannfaupelphotography.fr\/wp-content\/uploads\/2025\/06\/mariage-bordeaux-225x300.jpg 225w, https:\/\/www.yohannfaupelphotography.fr\/wp-content\/uploads\/2025\/06\/mariage-bordeaux-1152x1536.jpg 1152w, https:\/\/www.yohannfaupelphotography.fr\/wp-content\/uploads\/2025\/06\/mariage-bordeaux-1536x2048.jpg 1536w, https:\/\/www.yohannfaupelphotography.fr\/wp-content\/uploads\/2025\/06\/mariage-bordeaux-scaled.jpg 1920w\" sizes=\"(max-width: 768px) 100vw, 768px\" \/><\/figure>\n\n\n\n<figure class=\"wp-block-image size-large\"><img loading=\"lazy\" decoding=\"async\" width=\"768\" height=\"1024\" data-id=\"5954\" src=\"https:\/\/www.yohannfaupelphotography.fr\/wp-content\/uploads\/2025\/06\/photo-mariage-angers-768x1024.jpg\" alt=\"\" class=\"wp-image-5954\" srcset=\"https:\/\/www.yohannfaupelphotography.fr\/wp-content\/uploads\/2025\/06\/photo-mariage-angers-768x1024.jpg 768w, https:\/\/www.yohannfaupelphotography.fr\/wp-content\/uploads\/2025\/06\/photo-mariage-angers-225x300.jpg 225w, https:\/\/www.yohannfaupelphotography.fr\/wp-content\/uploads\/2025\/06\/photo-mariage-angers-1152x1536.jpg 1152w, https:\/\/www.yohannfaupelphotography.fr\/wp-content\/uploads\/2025\/06\/photo-mariage-angers-1536x2048.jpg 1536w, https:\/\/www.yohannfaupelphotography.fr\/wp-content\/uploads\/2025\/06\/photo-mariage-angers-scaled.jpg 1920w\" sizes=\"(max-width: 768px) 100vw, 768px\" \/><\/figure>\n\n\n\n<figure class=\"wp-block-image size-large\"><img loading=\"lazy\" decoding=\"async\" width=\"1024\" height=\"768\" data-id=\"5950\" src=\"https:\/\/www.yohannfaupelphotography.fr\/wp-content\/uploads\/2025\/06\/photo-mariage-bordeaux-1024x768.jpg\" alt=\"\" class=\"wp-image-5950\" srcset=\"https:\/\/www.yohannfaupelphotography.fr\/wp-content\/uploads\/2025\/06\/photo-mariage-bordeaux-1024x768.jpg 1024w, https:\/\/www.yohannfaupelphotography.fr\/wp-content\/uploads\/2025\/06\/photo-mariage-bordeaux-300x225.jpg 300w, https:\/\/www.yohannfaupelphotography.fr\/wp-content\/uploads\/2025\/06\/photo-mariage-bordeaux-768x576.jpg 768w, https:\/\/www.yohannfaupelphotography.fr\/wp-content\/uploads\/2025\/06\/photo-mariage-bordeaux-1536x1152.jpg 1536w, https:\/\/www.yohannfaupelphotography.fr\/wp-content\/uploads\/2025\/06\/photo-mariage-bordeaux-2048x1536.jpg 2048w\" sizes=\"(max-width: 1024px) 100vw, 1024px\" \/><\/figure>\n\n\n\n<figure class=\"wp-block-image size-large\"><img loading=\"lazy\" decoding=\"async\" width=\"768\" height=\"1024\" data-id=\"5956\" src=\"https:\/\/www.yohannfaupelphotography.fr\/wp-content\/uploads\/2025\/06\/photo-mariage-nantes-768x1024.jpg\" alt=\"\" class=\"wp-image-5956\" srcset=\"https:\/\/www.yohannfaupelphotography.fr\/wp-content\/uploads\/2025\/06\/photo-mariage-nantes-768x1024.jpg 768w, https:\/\/www.yohannfaupelphotography.fr\/wp-content\/uploads\/2025\/06\/photo-mariage-nantes-225x300.jpg 225w, https:\/\/www.yohannfaupelphotography.fr\/wp-content\/uploads\/2025\/06\/photo-mariage-nantes-1152x1536.jpg 1152w, https:\/\/www.yohannfaupelphotography.fr\/wp-content\/uploads\/2025\/06\/photo-mariage-nantes-1536x2048.jpg 1536w, https:\/\/www.yohannfaupelphotography.fr\/wp-content\/uploads\/2025\/06\/photo-mariage-nantes-scaled.jpg 1920w\" sizes=\"(max-width: 768px) 100vw, 768px\" \/><\/figure>\n\n\n\n<figure class=\"wp-block-image size-large\"><img loading=\"lazy\" decoding=\"async\" width=\"768\" height=\"1024\" data-id=\"5955\" src=\"https:\/\/www.yohannfaupelphotography.fr\/wp-content\/uploads\/2025\/06\/photo-mariage-provence-768x1024.jpg\" alt=\"\" class=\"wp-image-5955\" srcset=\"https:\/\/www.yohannfaupelphotography.fr\/wp-content\/uploads\/2025\/06\/photo-mariage-provence-768x1024.jpg 768w, https:\/\/www.yohannfaupelphotography.fr\/wp-content\/uploads\/2025\/06\/photo-mariage-provence-225x300.jpg 225w, https:\/\/www.yohannfaupelphotography.fr\/wp-content\/uploads\/2025\/06\/photo-mariage-provence-1152x1536.jpg 1152w, https:\/\/www.yohannfaupelphotography.fr\/wp-content\/uploads\/2025\/06\/photo-mariage-provence-1536x2048.jpg 1536w, https:\/\/www.yohannfaupelphotography.fr\/wp-content\/uploads\/2025\/06\/photo-mariage-provence-scaled.jpg 1920w\" sizes=\"(max-width: 768px) 100vw, 768px\" \/><\/figure>\n\n\n\n<figure class=\"wp-block-image size-large\"><img loading=\"lazy\" decoding=\"async\" width=\"1024\" height=\"768\" data-id=\"5957\" src=\"https:\/\/www.yohannfaupelphotography.fr\/wp-content\/uploads\/2025\/06\/photo-pinterest-mariage-1024x768.jpg\" alt=\"\" class=\"wp-image-5957\" srcset=\"https:\/\/www.yohannfaupelphotography.fr\/wp-content\/uploads\/2025\/06\/photo-pinterest-mariage-1024x768.jpg 1024w, https:\/\/www.yohannfaupelphotography.fr\/wp-content\/uploads\/2025\/06\/photo-pinterest-mariage-300x225.jpg 300w, https:\/\/www.yohannfaupelphotography.fr\/wp-content\/uploads\/2025\/06\/photo-pinterest-mariage-768x576.jpg 768w, https:\/\/www.yohannfaupelphotography.fr\/wp-content\/uploads\/2025\/06\/photo-pinterest-mariage-1536x1152.jpg 1536w, https:\/\/www.yohannfaupelphotography.fr\/wp-content\/uploads\/2025\/06\/photo-pinterest-mariage-2048x1536.jpg 2048w\" sizes=\"(max-width: 1024px) 100vw, 1024px\" \/><\/figure>\n\n\n\n<figure class=\"wp-block-image size-large\"><img loading=\"lazy\" decoding=\"async\" width=\"768\" height=\"1024\" data-id=\"5958\" src=\"https:\/\/www.yohannfaupelphotography.fr\/wp-content\/uploads\/2025\/06\/photographe-luxe-en-provence-768x1024.jpg\" alt=\"\" class=\"wp-image-5958\" srcset=\"https:\/\/www.yohannfaupelphotography.fr\/wp-content\/uploads\/2025\/06\/photographe-luxe-en-provence-768x1024.jpg 768w, https:\/\/www.yohannfaupelphotography.fr\/wp-content\/uploads\/2025\/06\/photographe-luxe-en-provence-225x300.jpg 225w, https:\/\/www.yohannfaupelphotography.fr\/wp-content\/uploads\/2025\/06\/photographe-luxe-en-provence-1152x1536.jpg 1152w, https:\/\/www.yohannfaupelphotography.fr\/wp-content\/uploads\/2025\/06\/photographe-luxe-en-provence-1536x2048.jpg 1536w, https:\/\/www.yohannfaupelphotography.fr\/wp-content\/uploads\/2025\/06\/photographe-luxe-en-provence-scaled.jpg 1920w\" sizes=\"(max-width: 768px) 100vw, 768px\" \/><\/figure>\n\n\n\n<figure class=\"wp-block-image size-large\"><img loading=\"lazy\" decoding=\"async\" width=\"768\" height=\"1024\" data-id=\"5959\" src=\"https:\/\/www.yohannfaupelphotography.fr\/wp-content\/uploads\/2025\/06\/photographe-mariage-angers-1-768x1024.jpg\" alt=\"\" class=\"wp-image-5959\" srcset=\"https:\/\/www.yohannfaupelphotography.fr\/wp-content\/uploads\/2025\/06\/photographe-mariage-angers-1-768x1024.jpg 768w, https:\/\/www.yohannfaupelphotography.fr\/wp-content\/uploads\/2025\/06\/photographe-mariage-angers-1-225x300.jpg 225w, https:\/\/www.yohannfaupelphotography.fr\/wp-content\/uploads\/2025\/06\/photographe-mariage-angers-1-1152x1536.jpg 1152w, https:\/\/www.yohannfaupelphotography.fr\/wp-content\/uploads\/2025\/06\/photographe-mariage-angers-1-1536x2048.jpg 1536w, https:\/\/www.yohannfaupelphotography.fr\/wp-content\/uploads\/2025\/06\/photographe-mariage-angers-1-scaled.jpg 1920w\" sizes=\"(max-width: 768px) 100vw, 768px\" \/><\/figure>\n\n\n\n<figure class=\"wp-block-image size-large\"><img loading=\"lazy\" decoding=\"async\" width=\"768\" height=\"1024\" data-id=\"5960\" src=\"https:\/\/www.yohannfaupelphotography.fr\/wp-content\/uploads\/2025\/06\/photographe-mariage-bordeaux-ou-nantes-768x1024.jpg\" alt=\"\" class=\"wp-image-5960\" srcset=\"https:\/\/www.yohannfaupelphotography.fr\/wp-content\/uploads\/2025\/06\/photographe-mariage-bordeaux-ou-nantes-768x1024.jpg 768w, https:\/\/www.yohannfaupelphotography.fr\/wp-content\/uploads\/2025\/06\/photographe-mariage-bordeaux-ou-nantes-225x300.jpg 225w, https:\/\/www.yohannfaupelphotography.fr\/wp-content\/uploads\/2025\/06\/photographe-mariage-bordeaux-ou-nantes-1152x1536.jpg 1152w, https:\/\/www.yohannfaupelphotography.fr\/wp-content\/uploads\/2025\/06\/photographe-mariage-bordeaux-ou-nantes-1536x2048.jpg 1536w, https:\/\/www.yohannfaupelphotography.fr\/wp-content\/uploads\/2025\/06\/photographe-mariage-bordeaux-ou-nantes-scaled.jpg 1920w\" sizes=\"(max-width: 768px) 100vw, 768px\" \/><\/figure>\n\n\n\n<figure class=\"wp-block-image size-large\"><img loading=\"lazy\" decoding=\"async\" width=\"768\" height=\"1024\" data-id=\"5961\" src=\"https:\/\/www.yohannfaupelphotography.fr\/wp-content\/uploads\/2025\/06\/photographe-mariage-bordeaux-768x1024.jpg\" alt=\"\" class=\"wp-image-5961\" srcset=\"https:\/\/www.yohannfaupelphotography.fr\/wp-content\/uploads\/2025\/06\/photographe-mariage-bordeaux-768x1024.jpg 768w, https:\/\/www.yohannfaupelphotography.fr\/wp-content\/uploads\/2025\/06\/photographe-mariage-bordeaux-225x300.jpg 225w, https:\/\/www.yohannfaupelphotography.fr\/wp-content\/uploads\/2025\/06\/photographe-mariage-bordeaux-1152x1536.jpg 1152w, https:\/\/www.yohannfaupelphotography.fr\/wp-content\/uploads\/2025\/06\/photographe-mariage-bordeaux-1536x2048.jpg 1536w, https:\/\/www.yohannfaupelphotography.fr\/wp-content\/uploads\/2025\/06\/photographe-mariage-bordeaux-scaled.jpg 1920w\" sizes=\"(max-width: 768px) 100vw, 768px\" \/><\/figure>\n\n\n\n<figure class=\"wp-block-image size-large\"><img loading=\"lazy\" decoding=\"async\" width=\"768\" height=\"1024\" data-id=\"5962\" src=\"https:\/\/www.yohannfaupelphotography.fr\/wp-content\/uploads\/2025\/06\/photographe-mariage-bordeaux1-768x1024.jpg\" alt=\"\" class=\"wp-image-5962\" srcset=\"https:\/\/www.yohannfaupelphotography.fr\/wp-content\/uploads\/2025\/06\/photographe-mariage-bordeaux1-768x1024.jpg 768w, https:\/\/www.yohannfaupelphotography.fr\/wp-content\/uploads\/2025\/06\/photographe-mariage-bordeaux1-225x300.jpg 225w, https:\/\/www.yohannfaupelphotography.fr\/wp-content\/uploads\/2025\/06\/photographe-mariage-bordeaux1-1152x1536.jpg 1152w, https:\/\/www.yohannfaupelphotography.fr\/wp-content\/uploads\/2025\/06\/photographe-mariage-bordeaux1-1536x2048.jpg 1536w, https:\/\/www.yohannfaupelphotography.fr\/wp-content\/uploads\/2025\/06\/photographe-mariage-bordeaux1-scaled.jpg 1920w\" sizes=\"(max-width: 768px) 100vw, 768px\" \/><\/figure>\n\n\n\n<figure class=\"wp-block-image size-large\"><img loading=\"lazy\" decoding=\"async\" width=\"1024\" height=\"768\" data-id=\"5963\" src=\"https:\/\/www.yohannfaupelphotography.fr\/wp-content\/uploads\/2025\/06\/photographe-mariage-provence-luxe-1024x768.jpg\" alt=\"\" class=\"wp-image-5963\" srcset=\"https:\/\/www.yohannfaupelphotography.fr\/wp-content\/uploads\/2025\/06\/photographe-mariage-provence-luxe-1024x768.jpg 1024w, https:\/\/www.yohannfaupelphotography.fr\/wp-content\/uploads\/2025\/06\/photographe-mariage-provence-luxe-300x225.jpg 300w, https:\/\/www.yohannfaupelphotography.fr\/wp-content\/uploads\/2025\/06\/photographe-mariage-provence-luxe-768x576.jpg 768w, https:\/\/www.yohannfaupelphotography.fr\/wp-content\/uploads\/2025\/06\/photographe-mariage-provence-luxe-1536x1152.jpg 1536w, https:\/\/www.yohannfaupelphotography.fr\/wp-content\/uploads\/2025\/06\/photographe-mariage-provence-luxe-2048x1536.jpg 2048w\" sizes=\"(max-width: 1024px) 100vw, 1024px\" \/><\/figure>\n\n\n\n<figure class=\"wp-block-image size-large\"><img loading=\"lazy\" decoding=\"async\" width=\"768\" height=\"1024\" data-id=\"5964\" src=\"https:\/\/www.yohannfaupelphotography.fr\/wp-content\/uploads\/2025\/06\/photographe-matiage-luberon-768x1024.jpg\" alt=\"\" class=\"wp-image-5964\" srcset=\"https:\/\/www.yohannfaupelphotography.fr\/wp-content\/uploads\/2025\/06\/photographe-matiage-luberon-768x1024.jpg 768w, https:\/\/www.yohannfaupelphotography.fr\/wp-content\/uploads\/2025\/06\/photographe-matiage-luberon-225x300.jpg 225w, https:\/\/www.yohannfaupelphotography.fr\/wp-content\/uploads\/2025\/06\/photographe-matiage-luberon-1152x1536.jpg 1152w, https:\/\/www.yohannfaupelphotography.fr\/wp-content\/uploads\/2025\/06\/photographe-matiage-luberon-1536x2048.jpg 1536w, https:\/\/www.yohannfaupelphotography.fr\/wp-content\/uploads\/2025\/06\/photographe-matiage-luberon-scaled.jpg 1920w\" sizes=\"(max-width: 768px) 100vw, 768px\" \/><\/figure>\n\n\n\n<figure class=\"wp-block-image size-large\"><img loading=\"lazy\" decoding=\"async\" width=\"683\" height=\"1024\" data-id=\"5965\" src=\"https:\/\/www.yohannfaupelphotography.fr\/wp-content\/uploads\/2025\/06\/photographe-provence-1-683x1024.jpg\" alt=\"\" class=\"wp-image-5965\" srcset=\"https:\/\/www.yohannfaupelphotography.fr\/wp-content\/uploads\/2025\/06\/photographe-provence-1-683x1024.jpg 683w, https:\/\/www.yohannfaupelphotography.fr\/wp-content\/uploads\/2025\/06\/photographe-provence-1-200x300.jpg 200w, https:\/\/www.yohannfaupelphotography.fr\/wp-content\/uploads\/2025\/06\/photographe-provence-1-768x1152.jpg 768w, https:\/\/www.yohannfaupelphotography.fr\/wp-content\/uploads\/2025\/06\/photographe-provence-1-1024x1536.jpg 1024w, https:\/\/www.yohannfaupelphotography.fr\/wp-content\/uploads\/2025\/06\/photographe-provence-1-1365x2048.jpg 1365w, https:\/\/www.yohannfaupelphotography.fr\/wp-content\/uploads\/2025\/06\/photographe-provence-1-scaled.jpg 1707w\" sizes=\"(max-width: 683px) 100vw, 683px\" \/><\/figure>\n\n\n\n<figure class=\"wp-block-image size-large\"><img loading=\"lazy\" decoding=\"async\" width=\"683\" height=\"1024\" data-id=\"5968\" src=\"https:\/\/www.yohannfaupelphotography.fr\/wp-content\/uploads\/2025\/06\/photographer-in-provence-683x1024.jpg\" alt=\"\" class=\"wp-image-5968\" srcset=\"https:\/\/www.yohannfaupelphotography.fr\/wp-content\/uploads\/2025\/06\/photographer-in-provence-683x1024.jpg 683w, https:\/\/www.yohannfaupelphotography.fr\/wp-content\/uploads\/2025\/06\/photographer-in-provence-200x300.jpg 200w, https:\/\/www.yohannfaupelphotography.fr\/wp-content\/uploads\/2025\/06\/photographer-in-provence-768x1152.jpg 768w, https:\/\/www.yohannfaupelphotography.fr\/wp-content\/uploads\/2025\/06\/photographer-in-provence-1024x1536.jpg 1024w, https:\/\/www.yohannfaupelphotography.fr\/wp-content\/uploads\/2025\/06\/photographer-in-provence-1365x2048.jpg 1365w, https:\/\/www.yohannfaupelphotography.fr\/wp-content\/uploads\/2025\/06\/photographer-in-provence-scaled.jpg 1707w\" sizes=\"(max-width: 683px) 100vw, 683px\" \/><\/figure>\n\n\n\n<figure class=\"wp-block-image size-large\"><img loading=\"lazy\" decoding=\"async\" width=\"1024\" height=\"768\" data-id=\"5967\" src=\"https:\/\/www.yohannfaupelphotography.fr\/wp-content\/uploads\/2025\/06\/photos-nantes-mariage-1024x768.jpg\" alt=\"\" class=\"wp-image-5967\" srcset=\"https:\/\/www.yohannfaupelphotography.fr\/wp-content\/uploads\/2025\/06\/photos-nantes-mariage-1024x768.jpg 1024w, https:\/\/www.yohannfaupelphotography.fr\/wp-content\/uploads\/2025\/06\/photos-nantes-mariage-300x225.jpg 300w, https:\/\/www.yohannfaupelphotography.fr\/wp-content\/uploads\/2025\/06\/photos-nantes-mariage-768x576.jpg 768w, https:\/\/www.yohannfaupelphotography.fr\/wp-content\/uploads\/2025\/06\/photos-nantes-mariage-1536x1152.jpg 1536w, https:\/\/www.yohannfaupelphotography.fr\/wp-content\/uploads\/2025\/06\/photos-nantes-mariage-2048x1536.jpg 2048w\" sizes=\"(max-width: 1024px) 100vw, 1024px\" \/><\/figure>\n\n\n\n<figure class=\"wp-block-image size-large\"><img loading=\"lazy\" decoding=\"async\" width=\"768\" height=\"1024\" data-id=\"5966\" src=\"https:\/\/www.yohannfaupelphotography.fr\/wp-content\/uploads\/2025\/06\/traiteur-mariage-angers-768x1024.jpg\" alt=\"\" class=\"wp-image-5966\" srcset=\"https:\/\/www.yohannfaupelphotography.fr\/wp-content\/uploads\/2025\/06\/traiteur-mariage-angers-768x1024.jpg 768w, https:\/\/www.yohannfaupelphotography.fr\/wp-content\/uploads\/2025\/06\/traiteur-mariage-angers-225x300.jpg 225w, https:\/\/www.yohannfaupelphotography.fr\/wp-content\/uploads\/2025\/06\/traiteur-mariage-angers-1152x1536.jpg 1152w, https:\/\/www.yohannfaupelphotography.fr\/wp-content\/uploads\/2025\/06\/traiteur-mariage-angers-1536x2048.jpg 1536w, https:\/\/www.yohannfaupelphotography.fr\/wp-content\/uploads\/2025\/06\/traiteur-mariage-angers-scaled.jpg 1920w\" sizes=\"(max-width: 768px) 100vw, 768px\" \/><\/figure>\n\n\n\n<figure class=\"wp-block-image size-large\"><img loading=\"lazy\" decoding=\"async\" width=\"768\" height=\"1024\" data-id=\"5969\" src=\"https:\/\/www.yohannfaupelphotography.fr\/wp-content\/uploads\/2025\/06\/wedding-photographer-in-tuscan-768x1024.jpg\" alt=\"\" class=\"wp-image-5969\" srcset=\"https:\/\/www.yohannfaupelphotography.fr\/wp-content\/uploads\/2025\/06\/wedding-photographer-in-tuscan-768x1024.jpg 768w, https:\/\/www.yohannfaupelphotography.fr\/wp-content\/uploads\/2025\/06\/wedding-photographer-in-tuscan-225x300.jpg 225w, https:\/\/www.yohannfaupelphotography.fr\/wp-content\/uploads\/2025\/06\/wedding-photographer-in-tuscan-1152x1536.jpg 1152w, https:\/\/www.yohannfaupelphotography.fr\/wp-content\/uploads\/2025\/06\/wedding-photographer-in-tuscan-1536x2048.jpg 1536w, https:\/\/www.yohannfaupelphotography.fr\/wp-content\/uploads\/2025\/06\/wedding-photographer-in-tuscan-scaled.jpg 1920w\" sizes=\"(max-width: 768px) 100vw, 768px\" \/><\/figure>\n\n\n\n<figure class=\"wp-block-image size-large\"><img loading=\"lazy\" decoding=\"async\" width=\"768\" height=\"1024\" data-id=\"5970\" src=\"https:\/\/www.yohannfaupelphotography.fr\/wp-content\/uploads\/2025\/06\/bachelorette-party-in-france-768x1024.jpg\" alt=\"\" class=\"wp-image-5970\" srcset=\"https:\/\/www.yohannfaupelphotography.fr\/wp-content\/uploads\/2025\/06\/bachelorette-party-in-france-768x1024.jpg 768w, https:\/\/www.yohannfaupelphotography.fr\/wp-content\/uploads\/2025\/06\/bachelorette-party-in-france-225x300.jpg 225w, https:\/\/www.yohannfaupelphotography.fr\/wp-content\/uploads\/2025\/06\/bachelorette-party-in-france-1152x1536.jpg 1152w, https:\/\/www.yohannfaupelphotography.fr\/wp-content\/uploads\/2025\/06\/bachelorette-party-in-france-1536x2048.jpg 1536w, https:\/\/www.yohannfaupelphotography.fr\/wp-content\/uploads\/2025\/06\/bachelorette-party-in-france-scaled.jpg 1920w\" sizes=\"(max-width: 768px) 100vw, 768px\" \/><\/figure>\n<\/figure>\n\n\n\n<p><\/p>","protected":false},"featured_media":5946,"template":"layouts\/full-portfolio.php","portfolio-tags":[9],"class_list":["post-5945","portfolio","type-portfolio","status-publish","has-post-thumbnail","hentry","portfolio-tags-weddings"],"yoast_head":"<!-- This site is optimized with the Yoast SEO plugin v25.4 - https:\/\/yoast.com\/wordpress\/plugins\/seo\/ -->\n<title>Mariage Ariane &amp; Guillaume - Yohann Faupel Photography<\/title>\n<meta name=\"robots\" content=\"index, follow, max-snippet:-1, max-image-preview:large, max-video-preview:-1\" \/>\n<link rel=\"canonical\" href=\"https:\/\/www.yohannfaupelphotography.fr\/en\/portfolio\/mariage-ariane-guillaume\/\" \/>\n<meta property=\"og:locale\" content=\"en_US\" \/>\n<meta property=\"og:type\" content=\"article\" \/>\n<meta property=\"og:title\" content=\"Mariage Ariane &amp; Guillaume - Yohann Faupel Photography\" \/>\n<meta property=\"og:description\" content=\"Ariane &amp; Guillaume, deux m\u00e9decins qui ont d\u00e9cod\u00e9s de se marier en Provence afin d&rsquo;unir officiellement leur amour. Entre la joie omni pr\u00e9sente et les larmes d&rsquo;\u00e9motions lors des discours de leurs proches, la journ\u00e9e s&rsquo;est magnifiquement bien d\u00e9roul\u00e9e. \u00ab\u00a0Nous recommandons yohann \u00e0 toutes les personnes qui souhaitent un photographe souriant, discret et professionnel. Nous [&hellip;]\" \/>\n<meta property=\"og:url\" content=\"https:\/\/www.yohannfaupelphotography.fr\/en\/portfolio\/mariage-ariane-guillaume\/\" \/>\n<meta property=\"og:site_name\" content=\"Yohann Faupel Photography\" \/>\n<meta property=\"article:modified_time\" content=\"2025-06-23T22:53:43+00:00\" \/>\n<meta property=\"og:image\" content=\"https:\/\/www.yohannfaupelphotography.fr\/wp-content\/uploads\/2025\/06\/photographe-mariage-luxe-france.png\" \/>\n\t<meta property=\"og:image:width\" content=\"1000\" \/>\n\t<meta property=\"og:image:height\" content=\"1300\" \/>\n\t<meta property=\"og:image:type\" content=\"image\/png\" \/>\n<meta name=\"twitter:card\" content=\"summary_large_image\" \/>\n<meta name=\"twitter:label1\" content=\"Est. reading time\" \/>\n\t<meta name=\"twitter:data1\" content=\"2 minutes\" \/>\n<script type=\"application\/ld+json\" class=\"yoast-schema-graph\">{\"@context\":\"https:\/\/schema.org\",\"@graph\":[{\"@type\":\"WebPage\",\"@id\":\"https:\/\/www.yohannfaupelphotography.fr\/portfolio\/mariage-ariane-guillaume\/\",\"url\":\"https:\/\/www.yohannfaupelphotography.fr\/portfolio\/mariage-ariane-guillaume\/\",\"name\":\"Mariage Ariane & Guillaume - Yohann Faupel Photography\",\"isPartOf\":{\"@id\":\"https:\/\/www.yohannfaupelphotography.fr\/fr\/#website\"},\"primaryImageOfPage\":{\"@id\":\"https:\/\/www.yohannfaupelphotography.fr\/portfolio\/mariage-ariane-guillaume\/#primaryimage\"},\"image\":{\"@id\":\"https:\/\/www.yohannfaupelphotography.fr\/portfolio\/mariage-ariane-guillaume\/#primaryimage\"},\"thumbnailUrl\":\"https:\/\/www.yohannfaupelphotography.fr\/wp-content\/uploads\/2025\/06\/photographe-mariage-luxe-france.png\",\"datePublished\":\"2025-06-23T22:33:06+00:00\",\"dateModified\":\"2025-06-23T22:53:43+00:00\",\"breadcrumb\":{\"@id\":\"https:\/\/www.yohannfaupelphotography.fr\/portfolio\/mariage-ariane-guillaume\/#breadcrumb\"},\"inLanguage\":\"en-US\",\"potentialAction\":[{\"@type\":\"ReadAction\",\"target\":[\"https:\/\/www.yohannfaupelphotography.fr\/portfolio\/mariage-ariane-guillaume\/\"]}]},{\"@type\":\"ImageObject\",\"inLanguage\":\"en-US\",\"@id\":\"https:\/\/www.yohannfaupelphotography.fr\/portfolio\/mariage-ariane-guillaume\/#primaryimage\",\"url\":\"https:\/\/www.yohannfaupelphotography.fr\/wp-content\/uploads\/2025\/06\/photographe-mariage-luxe-france.png\",\"contentUrl\":\"https:\/\/www.yohannfaupelphotography.fr\/wp-content\/uploads\/2025\/06\/photographe-mariage-luxe-france.png\",\"width\":1000,\"height\":1300},{\"@type\":\"BreadcrumbList\",\"@id\":\"https:\/\/www.yohannfaupelphotography.fr\/portfolio\/mariage-ariane-guillaume\/#breadcrumb\",\"itemListElement\":[{\"@type\":\"ListItem\",\"position\":1,\"name\":\"Accueil\",\"item\":\"https:\/\/www.yohannfaupelphotography.fr\/\"},{\"@type\":\"ListItem\",\"position\":2,\"name\":\"Mariage Ariane &#038; Guillaume\"}]},{\"@type\":\"WebSite\",\"@id\":\"https:\/\/www.yohannfaupelphotography.fr\/fr\/#website\",\"url\":\"https:\/\/www.yohannfaupelphotography.fr\/fr\/\",\"name\":\"Yohann Faupel Photography\",\"description\":\"Photographe mariage fine art bordeaux &amp; nantes\",\"publisher\":{\"@id\":\"https:\/\/www.yohannfaupelphotography.fr\/fr\/#organization\"},\"potentialAction\":[{\"@type\":\"SearchAction\",\"target\":{\"@type\":\"EntryPoint\",\"urlTemplate\":\"https:\/\/www.yohannfaupelphotography.fr\/fr\/?s={search_term_string}\"},\"query-input\":{\"@type\":\"PropertyValueSpecification\",\"valueRequired\":true,\"valueName\":\"search_term_string\"}}],\"inLanguage\":\"en-US\"},{\"@type\":\"Organization\",\"@id\":\"https:\/\/www.yohannfaupelphotography.fr\/fr\/#organization\",\"name\":\"Yohann Faupel Photography\",\"url\":\"https:\/\/www.yohannfaupelphotography.fr\/fr\/\",\"logo\":{\"@type\":\"ImageObject\",\"inLanguage\":\"en-US\",\"@id\":\"https:\/\/www.yohannfaupelphotography.fr\/fr\/#\/schema\/logo\/image\/\",\"url\":\"https:\/\/yohannfaupelphotography.fr\/wp-content\/uploads\/2025\/05\/cropped-photographe-mariage-bordeaux-scaled-1.jpg\",\"contentUrl\":\"https:\/\/yohannfaupelphotography.fr\/wp-content\/uploads\/2025\/05\/cropped-photographe-mariage-bordeaux-scaled-1.jpg\",\"width\":1584,\"height\":1503,\"caption\":\"Yohann Faupel Photography\"},\"image\":{\"@id\":\"https:\/\/www.yohannfaupelphotography.fr\/fr\/#\/schema\/logo\/image\/\"},\"sameAs\":[\"https:\/\/www.instagram.com\/_yfphotography?igsh=MWthdG9pdDZ4NzFwZQ&utm_source=qr\",\"https:\/\/www.tiktok.com\/@yhnn.fpl?_t=ZN-8xppI0EdJPK&_r=1\"]}]}<\/script>\n<!-- \/ Yoast SEO plugin. -->","yoast_head_json":{"title":"Mariage Ariane & Guillaume - Yohann Faupel Photography","robots":{"index":"index","follow":"follow","max-snippet":"max-snippet:-1","max-image-preview":"max-image-preview:large","max-video-preview":"max-video-preview:-1"},"canonical":"https:\/\/www.yohannfaupelphotography.fr\/en\/portfolio\/mariage-ariane-guillaume\/","og_locale":"en_US","og_type":"article","og_title":"Mariage Ariane & Guillaume - Yohann Faupel Photography","og_description":"Ariane &amp; Guillaume, deux m\u00e9decins qui ont d\u00e9cod\u00e9s de se marier en Provence afin d&rsquo;unir officiellement leur amour. Entre la joie omni pr\u00e9sente et les larmes d&rsquo;\u00e9motions lors des discours de leurs proches, la journ\u00e9e s&rsquo;est magnifiquement bien d\u00e9roul\u00e9e. \u00ab\u00a0Nous recommandons yohann \u00e0 toutes les personnes qui souhaitent un photographe souriant, discret et professionnel. Nous [&hellip;]","og_url":"https:\/\/www.yohannfaupelphotography.fr\/en\/portfolio\/mariage-ariane-guillaume\/","og_site_name":"Yohann Faupel Photography","article_modified_time":"2025-06-23T22:53:43+00:00","og_image":[{"width":1000,"height":1300,"url":"https:\/\/www.yohannfaupelphotography.fr\/wp-content\/uploads\/2025\/06\/photographe-mariage-luxe-france.png","type":"image\/png"}],"twitter_card":"summary_large_image","twitter_misc":{"Est. reading time":"2 minutes"},"schema":{"@context":"https:\/\/schema.org","@graph":[{"@type":"WebPage","@id":"https:\/\/www.yohannfaupelphotography.fr\/portfolio\/mariage-ariane-guillaume\/","url":"https:\/\/www.yohannfaupelphotography.fr\/portfolio\/mariage-ariane-guillaume\/","name":"Mariage Ariane & Guillaume - Yohann Faupel Photography","isPartOf":{"@id":"https:\/\/www.yohannfaupelphotography.fr\/fr\/#website"},"primaryImageOfPage":{"@id":"https:\/\/www.yohannfaupelphotography.fr\/portfolio\/mariage-ariane-guillaume\/#primaryimage"},"image":{"@id":"https:\/\/www.yohannfaupelphotography.fr\/portfolio\/mariage-ariane-guillaume\/#primaryimage"},"thumbnailUrl":"https:\/\/www.yohannfaupelphotography.fr\/wp-content\/uploads\/2025\/06\/photographe-mariage-luxe-france.png","datePublished":"2025-06-23T22:33:06+00:00","dateModified":"2025-06-23T22:53:43+00:00","breadcrumb":{"@id":"https:\/\/www.yohannfaupelphotography.fr\/portfolio\/mariage-ariane-guillaume\/#breadcrumb"},"inLanguage":"en-US","potentialAction":[{"@type":"ReadAction","target":["https:\/\/www.yohannfaupelphotography.fr\/portfolio\/mariage-ariane-guillaume\/"]}]},{"@type":"ImageObject","inLanguage":"en-US","@id":"https:\/\/www.yohannfaupelphotography.fr\/portfolio\/mariage-ariane-guillaume\/#primaryimage","url":"https:\/\/www.yohannfaupelphotography.fr\/wp-content\/uploads\/2025\/06\/photographe-mariage-luxe-france.png","contentUrl":"https:\/\/www.yohannfaupelphotography.fr\/wp-content\/uploads\/2025\/06\/photographe-mariage-luxe-france.png","width":1000,"height":1300},{"@type":"BreadcrumbList","@id":"https:\/\/www.yohannfaupelphotography.fr\/portfolio\/mariage-ariane-guillaume\/#breadcrumb","itemListElement":[{"@type":"ListItem","position":1,"name":"Accueil","item":"https:\/\/www.yohannfaupelphotography.fr\/"},{"@type":"ListItem","position":2,"name":"Mariage Ariane &#038; Guillaume"}]},{"@type":"WebSite","@id":"https:\/\/www.yohannfaupelphotography.fr\/fr\/#website","url":"https:\/\/www.yohannfaupelphotography.fr\/fr\/","name":"Yohann Faupel Photography","description":"Photographe mariage fine art bordeaux &amp; nantes","publisher":{"@id":"https:\/\/www.yohannfaupelphotography.fr\/fr\/#organization"},"potentialAction":[{"@type":"SearchAction","target":{"@type":"EntryPoint","urlTemplate":"https:\/\/www.yohannfaupelphotography.fr\/fr\/?s={search_term_string}"},"query-input":{"@type":"PropertyValueSpecification","valueRequired":true,"valueName":"search_term_string"}}],"inLanguage":"en-US"},{"@type":"Organization","@id":"https:\/\/www.yohannfaupelphotography.fr\/fr\/#organization","name":"Yohann Faupel Photography","url":"https:\/\/www.yohannfaupelphotography.fr\/fr\/","logo":{"@type":"ImageObject","inLanguage":"en-US","@id":"https:\/\/www.yohannfaupelphotography.fr\/fr\/#\/schema\/logo\/image\/","url":"https:\/\/yohannfaupelphotography.fr\/wp-content\/uploads\/2025\/05\/cropped-photographe-mariage-bordeaux-scaled-1.jpg","contentUrl":"https:\/\/yohannfaupelphotography.fr\/wp-content\/uploads\/2025\/05\/cropped-photographe-mariage-bordeaux-scaled-1.jpg","width":1584,"height":1503,"caption":"Yohann Faupel Photography"},"image":{"@id":"https:\/\/www.yohannfaupelphotography.fr\/fr\/#\/schema\/logo\/image\/"},"sameAs":["https:\/\/www.instagram.com\/_yfphotography?igsh=MWthdG9pdDZ4NzFwZQ&utm_source=qr","https:\/\/www.tiktok.com\/@yhnn.fpl?_t=ZN-8xppI0EdJPK&_r=1"]}]}},"_links":{"self":[{"href":"https:\/\/www.yohannfaupelphotography.fr\/en\/wp-json\/wp\/v2\/portfolio\/5945","targetHints":{"allow":["GET"]}}],"collection":[{"href":"https:\/\/www.yohannfaupelphotography.fr\/en\/wp-json\/wp\/v2\/portfolio"}],"about":[{"href":"https:\/\/www.yohannfaupelphotography.fr\/en\/wp-json\/wp\/v2\/types\/portfolio"}],"wp:featuredmedia":[{"embeddable":true,"href":"https:\/\/www.yohannfaupelphotography.fr\/en\/wp-json\/wp\/v2\/media\/5946"}],"wp:attachment":[{"href":"https:\/\/www.yohannfaupelphotography.fr\/en\/wp-json\/wp\/v2\/media?parent=5945"}],"wp:term":[{"taxonomy":"portfolio-tags","embeddable":true,"href":"https:\/\/www.yohannfaupelphotography.fr\/en\/wp-json\/wp\/v2\/portfolio-tags?post=5945"}],"curies":[{"name":"wp","href":"https:\/\/api.w.org\/{rel}","templated":true}]}}