{"id":5125,"date":"2025-06-08T16:10:23","date_gmt":"2025-06-08T16:10:23","guid":{"rendered":"http:\/\/www.fayo5015.odns.fr\/?page_id=5125"},"modified":"2025-06-09T23:12:57","modified_gmt":"2025-06-09T23:12:57","slug":"faq-grossesse","status":"publish","type":"page","link":"https:\/\/www.yohannfaupelphotography.fr\/en\/faq-grossesse\/","title":{"rendered":"FAQ GROSSESSE"},"content":{"rendered":"<div data-elementor-type=\"wp-page\" data-elementor-id=\"5125\" class=\"elementor elementor-5125\" data-elementor-post-type=\"page\">\n\t\t\t\t\t\t<section class=\"elementor-section elementor-top-section elementor-element elementor-element-4ce6d35d elementor-section-boxed elementor-section-height-default elementor-section-height-default\" data-id=\"4ce6d35d\" data-element_type=\"section\" data-settings=\"{&quot;background_background&quot;:&quot;classic&quot;}\">\n\t\t\t\t\t\t<div class=\"elementor-container elementor-column-gap-wider\">\n\t\t\t\t\t<div class=\"elementor-column elementor-col-50 elementor-top-column elementor-element elementor-element-58215c05\" data-id=\"58215c05\" data-element_type=\"column\">\n\t\t\t<div class=\"elementor-widget-wrap elementor-element-populated\">\n\t\t\t\t\t\t<div class=\"elementor-element elementor-element-69b5ab6d elementor-widget elementor-widget-heading\" data-id=\"69b5ab6d\" data-element_type=\"widget\" data-widget_type=\"heading.default\">\n\t\t\t\t<div class=\"elementor-widget-container\">\n\t\t\t\t\t<h2 class=\"elementor-heading-title elementor-size-default\">FAQS<\/h2>\t\t\t\t<\/div>\n\t\t\t\t<\/div>\n\t\t\t\t<div class=\"elementor-element elementor-element-6f9e5a1f elementor-widget elementor-widget-heading\" data-id=\"6f9e5a1f\" data-element_type=\"widget\" data-widget_type=\"heading.default\">\n\t\t\t\t<div class=\"elementor-widget-container\">\n\t\t\t\t\t<h3 class=\"elementor-heading-title elementor-size-default\">Your <em>Most<\/em> Frequently asked <em>Questions<\/h3>\t\t\t\t<\/div>\n\t\t\t\t<\/div>\n\t\t\t\t<div class=\"elementor-element elementor-element-14854cfe elementor-widget-divider--view-line elementor-widget elementor-widget-divider\" data-id=\"14854cfe\" data-element_type=\"widget\" data-widget_type=\"divider.default\">\n\t\t\t\t<div class=\"elementor-widget-container\">\n\t\t\t\t\t\t\t<div class=\"elementor-divider\">\n\t\t\t<span class=\"elementor-divider-separator\">\n\t\t\t\t\t\t<\/span>\n\t\t<\/div>\n\t\t\t\t\t\t<\/div>\n\t\t\t\t<\/div>\n\t\t\t\t\t<\/div>\n\t\t<\/div>\n\t\t\t\t<div class=\"elementor-column elementor-col-50 elementor-top-column elementor-element elementor-element-673ad46e\" data-id=\"673ad46e\" data-element_type=\"column\">\n\t\t\t<div class=\"elementor-widget-wrap elementor-element-populated\">\n\t\t\t\t\t\t<div class=\"elementor-element elementor-element-63f5dcfb elementor-invisible elementor-widget elementor-widget-image\" data-id=\"63f5dcfb\" data-element_type=\"widget\" data-settings=\"{&quot;_animation&quot;:&quot;fadeIn&quot;,&quot;_animation_mobile&quot;:&quot;none&quot;}\" data-widget_type=\"image.default\">\n\t\t\t\t<div class=\"elementor-widget-container\">\n\t\t\t\t\t\t\t\t\t\t\t\t\t\t\t<img decoding=\"async\" src=\"https:\/\/www.yohannfaupelphotography.fr\/wp-content\/uploads\/elementor\/thumbs\/yfphotography_1305-47-scaled-r72lia3y67c9n99fekdixev6zmm3ipgr4yzlfzzisg.jpg\" title=\"photographe-grossesse-angers\" alt=\"photographe-grossesse-angers\" loading=\"lazy\" \/>\t\t\t\t\t\t\t\t\t\t\t\t\t\t\t<\/div>\n\t\t\t\t<\/div>\n\t\t\t\t\t<\/div>\n\t\t<\/div>\n\t\t\t\t\t<\/div>\n\t\t<\/section>\n\t\t\t\t<section class=\"elementor-section elementor-top-section elementor-element elementor-element-117c9c1a elementor-section-full_width elementor-section-height-default elementor-section-height-default\" data-id=\"117c9c1a\" data-element_type=\"section\">\n\t\t\t\t\t\t<div class=\"elementor-container elementor-column-gap-narrow\">\n\t\t\t\t\t<div class=\"elementor-column elementor-col-100 elementor-top-column elementor-element elementor-element-11318c32\" data-id=\"11318c32\" data-element_type=\"column\">\n\t\t\t<div class=\"elementor-widget-wrap elementor-element-populated\">\n\t\t\t\t\t\t<div class=\"elementor-element elementor-element-5c0135b8 elementor-widget-divider--view-line elementor-widget elementor-widget-divider\" data-id=\"5c0135b8\" data-element_type=\"widget\" data-widget_type=\"divider.default\">\n\t\t\t\t<div class=\"elementor-widget-container\">\n\t\t\t\t\t\t\t<div class=\"elementor-divider\">\n\t\t\t<span class=\"elementor-divider-separator\">\n\t\t\t\t\t\t<\/span>\n\t\t<\/div>\n\t\t\t\t\t\t<\/div>\n\t\t\t\t<\/div>\n\t\t\t\t<div class=\"elementor-element elementor-element-7d066ae6 elementor-widget-divider--view-line elementor-widget elementor-widget-divider\" data-id=\"7d066ae6\" data-element_type=\"widget\" data-widget_type=\"divider.default\">\n\t\t\t\t<div class=\"elementor-widget-container\">\n\t\t\t\t\t\t\t<div class=\"elementor-divider\">\n\t\t\t<span class=\"elementor-divider-separator\">\n\t\t\t\t\t\t<\/span>\n\t\t<\/div>\n\t\t\t\t\t\t<\/div>\n\t\t\t\t<\/div>\n\t\t\t\t\t<\/div>\n\t\t<\/div>\n\t\t\t\t\t<\/div>\n\t\t<\/section>\n\t\t\t\t<section class=\"elementor-section elementor-top-section elementor-element elementor-element-62e03d9 elementor-section-boxed elementor-section-height-default elementor-section-height-default\" data-id=\"62e03d9\" data-element_type=\"section\">\n\t\t\t\t\t\t<div class=\"elementor-container elementor-column-gap-wider\">\n\t\t\t\t\t<div class=\"elementor-column elementor-col-50 elementor-top-column elementor-element elementor-element-23bc0d2\" data-id=\"23bc0d2\" data-element_type=\"column\">\n\t\t\t<div class=\"elementor-widget-wrap elementor-element-populated\">\n\t\t\t\t\t\t<div class=\"elementor-element elementor-element-44a5a00c elementor-widget elementor-widget-toggle\" data-id=\"44a5a00c\" data-element_type=\"widget\" data-widget_type=\"toggle.default\">\n\t\t\t\t<div class=\"elementor-widget-container\">\n\t\t\t\t\t\t\t<div class=\"elementor-toggle\">\n\t\t\t\t\t\t\t<div class=\"elementor-toggle-item\">\n\t\t\t\t\t<div id=\"elementor-tab-title-1151\" class=\"elementor-tab-title\" data-tab=\"1\" role=\"button\" aria-controls=\"elementor-tab-content-1151\" aria-expanded=\"false\">\n\t\t\t\t\t\t\t\t\t\t\t\t<span class=\"elementor-toggle-icon elementor-toggle-icon-right\" aria-hidden=\"true\">\n\t\t\t\t\t\t\t\t\t\t\t\t\t\t\t<span class=\"elementor-toggle-icon-closed\"><svg class=\"e-font-icon-svg e-fas-plus\" viewbox=\"0 0 448 512\" xmlns=\"http:\/\/www.w3.org\/2000\/svg\"><path d=\"M416 208H272V64c0-17.67-14.33-32-32-32h-32c-17.67 0-32 14.33-32 32v144H32c-17.67 0-32 14.33-32 32v32c0 17.67 14.33 32 32 32h144v144c0 17.67 14.33 32 32 32h32c17.67 0 32-14.33 32-32V304h144c17.67 0 32-14.33 32-32v-32c0-17.67-14.33-32-32-32z\"><\/path><\/svg><\/span>\n\t\t\t\t\t\t\t\t<span class=\"elementor-toggle-icon-opened\"><svg class=\"elementor-toggle-icon-opened e-font-icon-svg e-fas-minus\" viewbox=\"0 0 448 512\" xmlns=\"http:\/\/www.w3.org\/2000\/svg\"><path d=\"M416 208H32c-17.67 0-32 14.33-32 32v32c0 17.67 14.33 32 32 32h384c17.67 0 32-14.33 32-32v-32c0-17.67-14.33-32-32-32z\"><\/path><\/svg><\/span>\n\t\t\t\t\t\t\t\t\t\t\t\t\t<\/span>\n\t\t\t\t\t\t\t\t\t\t\t\t<a class=\"elementor-toggle-title\" tabindex=\"0\">A quel moment de la grossesse faut-il r\u00e9server sa s\u00e9ance ?<\/a>\n\t\t\t\t\t<\/div>\n\n\t\t\t\t\t<div id=\"elementor-tab-content-1151\" class=\"elementor-tab-content elementor-clearfix\" data-tab=\"1\" role=\"region\" aria-labelledby=\"elementor-tab-title-1151\"><p class=\"p1\"><span class=\"s1\">Id\u00e9alement entre la 28e et la 34e semaine. Le ventre est bien rond, visible, et la future maman est encore suffisamment \u00e0 l\u2019aise pour poser. Mais bien entenud cela d\u00e9pend surtout de vos envies !<\/span><\/p><\/div>\n\t\t\t\t<\/div>\n\t\t\t\t\t\t\t<div class=\"elementor-toggle-item\">\n\t\t\t\t\t<div id=\"elementor-tab-title-1152\" class=\"elementor-tab-title\" data-tab=\"2\" role=\"button\" aria-controls=\"elementor-tab-content-1152\" aria-expanded=\"false\">\n\t\t\t\t\t\t\t\t\t\t\t\t<span class=\"elementor-toggle-icon elementor-toggle-icon-right\" aria-hidden=\"true\">\n\t\t\t\t\t\t\t\t\t\t\t\t\t\t\t<span class=\"elementor-toggle-icon-closed\"><svg class=\"e-font-icon-svg e-fas-plus\" viewbox=\"0 0 448 512\" xmlns=\"http:\/\/www.w3.org\/2000\/svg\"><path d=\"M416 208H272V64c0-17.67-14.33-32-32-32h-32c-17.67 0-32 14.33-32 32v144H32c-17.67 0-32 14.33-32 32v32c0 17.67 14.33 32 32 32h144v144c0 17.67 14.33 32 32 32h32c17.67 0 32-14.33 32-32V304h144c17.67 0 32-14.33 32-32v-32c0-17.67-14.33-32-32-32z\"><\/path><\/svg><\/span>\n\t\t\t\t\t\t\t\t<span class=\"elementor-toggle-icon-opened\"><svg class=\"elementor-toggle-icon-opened e-font-icon-svg e-fas-minus\" viewbox=\"0 0 448 512\" xmlns=\"http:\/\/www.w3.org\/2000\/svg\"><path d=\"M416 208H32c-17.67 0-32 14.33-32 32v32c0 17.67 14.33 32 32 32h384c17.67 0 32-14.33 32-32v-32c0-17.67-14.33-32-32-32z\"><\/path><\/svg><\/span>\n\t\t\t\t\t\t\t\t\t\t\t\t\t<\/span>\n\t\t\t\t\t\t\t\t\t\t\t\t<a class=\"elementor-toggle-title\" tabindex=\"0\">Ou se d\u00e9roule la s\u00e9ance ?<\/a>\n\t\t\t\t\t<\/div>\n\n\t\t\t\t\t<div id=\"elementor-tab-content-1152\" class=\"elementor-tab-content elementor-clearfix\" data-tab=\"2\" role=\"region\" aria-labelledby=\"elementor-tab-title-1152\"><p class=\"p1\"><span class=\"s1\">Je propose des s\u00e9ances \u00e0 domicile, en ext\u00e9rieur dans un lieu naturel que nous choisissons ensemble, ou en studio pour une ambiance plus \u00e9pur\u00e9e et ma\u00eetris\u00e9e. Tout est personnalisable selon vos envies.<\/span><\/p><\/div>\n\t\t\t\t<\/div>\n\t\t\t\t\t\t\t<div class=\"elementor-toggle-item\">\n\t\t\t\t\t<div id=\"elementor-tab-title-1153\" class=\"elementor-tab-title\" data-tab=\"3\" role=\"button\" aria-controls=\"elementor-tab-content-1153\" aria-expanded=\"false\">\n\t\t\t\t\t\t\t\t\t\t\t\t<span class=\"elementor-toggle-icon elementor-toggle-icon-right\" aria-hidden=\"true\">\n\t\t\t\t\t\t\t\t\t\t\t\t\t\t\t<span class=\"elementor-toggle-icon-closed\"><svg class=\"e-font-icon-svg e-fas-plus\" viewbox=\"0 0 448 512\" xmlns=\"http:\/\/www.w3.org\/2000\/svg\"><path d=\"M416 208H272V64c0-17.67-14.33-32-32-32h-32c-17.67 0-32 14.33-32 32v144H32c-17.67 0-32 14.33-32 32v32c0 17.67 14.33 32 32 32h144v144c0 17.67 14.33 32 32 32h32c17.67 0 32-14.33 32-32V304h144c17.67 0 32-14.33 32-32v-32c0-17.67-14.33-32-32-32z\"><\/path><\/svg><\/span>\n\t\t\t\t\t\t\t\t<span class=\"elementor-toggle-icon-opened\"><svg class=\"elementor-toggle-icon-opened e-font-icon-svg e-fas-minus\" viewbox=\"0 0 448 512\" xmlns=\"http:\/\/www.w3.org\/2000\/svg\"><path d=\"M416 208H32c-17.67 0-32 14.33-32 32v32c0 17.67 14.33 32 32 32h384c17.67 0 32-14.33 32-32v-32c0-17.67-14.33-32-32-32z\"><\/path><\/svg><\/span>\n\t\t\t\t\t\t\t\t\t\t\t\t\t<\/span>\n\t\t\t\t\t\t\t\t\t\t\t\t<a class=\"elementor-toggle-title\" tabindex=\"0\">Que dois-je pr\u00e9voir pour la s\u00e9ance ?<\/a>\n\t\t\t\t\t<\/div>\n\n\t\t\t\t\t<div id=\"elementor-tab-content-1153\" class=\"elementor-tab-content elementor-clearfix\" data-tab=\"3\" role=\"region\" aria-labelledby=\"elementor-tab-title-1153\"><p class=\"p1\"><span class=\"s1\">Je vous guide bien s\u00fbr avant la s\u00e9ance. Vous recevrez un guide avec des conseils tenues, accessoires et petits d\u00e9tails qui font la diff\u00e9rence. Je mets aussi \u00e0 disposition quelques pi\u00e8ces et voilages pour un rendu doux et intemporel.<\/span><\/p><\/div>\n\t\t\t\t<\/div>\n\t\t\t\t\t\t\t<div class=\"elementor-toggle-item\">\n\t\t\t\t\t<div id=\"elementor-tab-title-1154\" class=\"elementor-tab-title\" data-tab=\"4\" role=\"button\" aria-controls=\"elementor-tab-content-1154\" aria-expanded=\"false\">\n\t\t\t\t\t\t\t\t\t\t\t\t<span class=\"elementor-toggle-icon elementor-toggle-icon-right\" aria-hidden=\"true\">\n\t\t\t\t\t\t\t\t\t\t\t\t\t\t\t<span class=\"elementor-toggle-icon-closed\"><svg class=\"e-font-icon-svg e-fas-plus\" viewbox=\"0 0 448 512\" xmlns=\"http:\/\/www.w3.org\/2000\/svg\"><path d=\"M416 208H272V64c0-17.67-14.33-32-32-32h-32c-17.67 0-32 14.33-32 32v144H32c-17.67 0-32 14.33-32 32v32c0 17.67 14.33 32 32 32h144v144c0 17.67 14.33 32 32 32h32c17.67 0 32-14.33 32-32V304h144c17.67 0 32-14.33 32-32v-32c0-17.67-14.33-32-32-32z\"><\/path><\/svg><\/span>\n\t\t\t\t\t\t\t\t<span class=\"elementor-toggle-icon-opened\"><svg class=\"elementor-toggle-icon-opened e-font-icon-svg e-fas-minus\" viewbox=\"0 0 448 512\" xmlns=\"http:\/\/www.w3.org\/2000\/svg\"><path d=\"M416 208H32c-17.67 0-32 14.33-32 32v32c0 17.67 14.33 32 32 32h384c17.67 0 32-14.33 32-32v-32c0-17.67-14.33-32-32-32z\"><\/path><\/svg><\/span>\n\t\t\t\t\t\t\t\t\t\t\t\t\t<\/span>\n\t\t\t\t\t\t\t\t\t\t\t\t<a class=\"elementor-toggle-title\" tabindex=\"0\">Est-ce que le futur papa et les fr\u00e8res\/s\u0153urs peuvent participer ?<\/a>\n\t\t\t\t\t<\/div>\n\n\t\t\t\t\t<div id=\"elementor-tab-content-1154\" class=\"elementor-tab-content elementor-clearfix\" data-tab=\"4\" role=\"region\" aria-labelledby=\"elementor-tab-title-1154\"><p class=\"p1\"><span class=\"s1\">Absolument ! Ces moments sont pr\u00e9cieux pour toute la famille. La s\u00e9ance peut inclure le ou la partenaire, les enfants, et m\u00eame votre animal de compagnie si vous le souhaitez.<\/span><\/p><\/div>\n\t\t\t\t<\/div>\n\t\t\t\t\t\t\t<div class=\"elementor-toggle-item\">\n\t\t\t\t\t<div id=\"elementor-tab-title-1155\" class=\"elementor-tab-title\" data-tab=\"5\" role=\"button\" aria-controls=\"elementor-tab-content-1155\" aria-expanded=\"false\">\n\t\t\t\t\t\t\t\t\t\t\t\t<span class=\"elementor-toggle-icon elementor-toggle-icon-right\" aria-hidden=\"true\">\n\t\t\t\t\t\t\t\t\t\t\t\t\t\t\t<span class=\"elementor-toggle-icon-closed\"><svg class=\"e-font-icon-svg e-fas-plus\" viewbox=\"0 0 448 512\" xmlns=\"http:\/\/www.w3.org\/2000\/svg\"><path d=\"M416 208H272V64c0-17.67-14.33-32-32-32h-32c-17.67 0-32 14.33-32 32v144H32c-17.67 0-32 14.33-32 32v32c0 17.67 14.33 32 32 32h144v144c0 17.67 14.33 32 32 32h32c17.67 0 32-14.33 32-32V304h144c17.67 0 32-14.33 32-32v-32c0-17.67-14.33-32-32-32z\"><\/path><\/svg><\/span>\n\t\t\t\t\t\t\t\t<span class=\"elementor-toggle-icon-opened\"><svg class=\"elementor-toggle-icon-opened e-font-icon-svg e-fas-minus\" viewbox=\"0 0 448 512\" xmlns=\"http:\/\/www.w3.org\/2000\/svg\"><path d=\"M416 208H32c-17.67 0-32 14.33-32 32v32c0 17.67 14.33 32 32 32h384c17.67 0 32-14.33 32-32v-32c0-17.67-14.33-32-32-32z\"><\/path><\/svg><\/span>\n\t\t\t\t\t\t\t\t\t\t\t\t\t<\/span>\n\t\t\t\t\t\t\t\t\t\t\t\t<a class=\"elementor-toggle-title\" tabindex=\"0\">Combien de temps dure la s\u00e9ance ?<\/a>\n\t\t\t\t\t<\/div>\n\n\t\t\t\t\t<div id=\"elementor-tab-content-1155\" class=\"elementor-tab-content elementor-clearfix\" data-tab=\"5\" role=\"region\" aria-labelledby=\"elementor-tab-title-1155\"><p>G\u00e9n\u00e9ralement 1h \u00e0 1h30. Je prends le temps de vous faire vivre une belle exp\u00e9rience.<\/p><\/div>\n\t\t\t\t<\/div>\n\t\t\t\t\t\t\t\t\t\t<script type=\"application\/ld+json\">{\n    \"@context\": \"https:\\\/\\\/schema.org\",\n    \"@type\": \"FAQPage\",\n    \"mainEntity\": [\n        {\n            \"@type\": \"Question\",\n            \"name\": \"A quel moment de la grossesse faut-il r\\u00e9server sa s\\u00e9ance ?\",\n            \"acceptedAnswer\": {\n                \"@type\": \"Answer\",\n                \"text\": \"<p class=\\\"p1\\\"><span class=\\\"s1\\\">Id\\u00e9alement entre la 28e et la 34e semaine. Le ventre est bien rond, visible, et la future maman est encore suffisamment \\u00e0 l\\u2019aise pour poser. Mais bien entenud cela d\\u00e9pend surtout de vos envies !<\\\/span><\\\/p>\"\n            }\n        },\n        {\n            \"@type\": \"Question\",\n            \"name\": \"Ou se d\\u00e9roule la s\\u00e9ance ?\",\n            \"acceptedAnswer\": {\n                \"@type\": \"Answer\",\n                \"text\": \"<p class=\\\"p1\\\"><span class=\\\"s1\\\">Je propose des s\\u00e9ances \\u00e0 domicile, en ext\\u00e9rieur dans un lieu naturel que nous choisissons ensemble, ou en studio pour une ambiance plus \\u00e9pur\\u00e9e et ma\\u00eetris\\u00e9e. Tout est personnalisable selon vos envies.<\\\/span><\\\/p>\"\n            }\n        },\n        {\n            \"@type\": \"Question\",\n            \"name\": \"Que dois-je pr\\u00e9voir pour la s\\u00e9ance ?\",\n            \"acceptedAnswer\": {\n                \"@type\": \"Answer\",\n                \"text\": \"<p class=\\\"p1\\\"><span class=\\\"s1\\\">Je vous guide bien s\\u00fbr avant la s\\u00e9ance. Vous recevrez un guide avec des conseils tenues, accessoires et petits d\\u00e9tails qui font la diff\\u00e9rence. Je mets aussi \\u00e0 disposition quelques pi\\u00e8ces et voilages pour un rendu doux et intemporel.<\\\/span><\\\/p>\"\n            }\n        },\n        {\n            \"@type\": \"Question\",\n            \"name\": \"Est-ce que le futur papa et les fr\\u00e8res\\\/s\\u0153urs peuvent participer ?\",\n            \"acceptedAnswer\": {\n                \"@type\": \"Answer\",\n                \"text\": \"<p class=\\\"p1\\\"><span class=\\\"s1\\\">Absolument ! Ces moments sont pr\\u00e9cieux pour toute la famille. La s\\u00e9ance peut inclure le ou la partenaire, les enfants, et m\\u00eame votre animal de compagnie si vous le souhaitez.<\\\/span><\\\/p>\"\n            }\n        },\n        {\n            \"@type\": \"Question\",\n            \"name\": \"Combien de temps dure la s\\u00e9ance ?\",\n            \"acceptedAnswer\": {\n                \"@type\": \"Answer\",\n                \"text\": \"<p>G\\u00e9n\\u00e9ralement 1h \\u00e0 1h30. Je prends le temps de vous faire vivre une belle exp\\u00e9rience.<\\\/p>\"\n            }\n        }\n    ]\n}<\/script>\n\t\t\t\t\t<\/div>\n\t\t\t\t\t\t<\/div>\n\t\t\t\t<\/div>\n\t\t\t\t\t<\/div>\n\t\t<\/div>\n\t\t\t\t<div class=\"elementor-column elementor-col-50 elementor-top-column elementor-element elementor-element-7f83381f\" data-id=\"7f83381f\" data-element_type=\"column\">\n\t\t\t<div class=\"elementor-widget-wrap elementor-element-populated\">\n\t\t\t\t\t\t<div class=\"elementor-element elementor-element-271b6721 elementor-widget elementor-widget-toggle\" data-id=\"271b6721\" data-element_type=\"widget\" data-widget_type=\"toggle.default\">\n\t\t\t\t<div class=\"elementor-widget-container\">\n\t\t\t\t\t\t\t<div class=\"elementor-toggle\">\n\t\t\t\t\t\t\t<div class=\"elementor-toggle-item\">\n\t\t\t\t\t<div id=\"elementor-tab-title-6561\" class=\"elementor-tab-title\" data-tab=\"1\" role=\"button\" aria-controls=\"elementor-tab-content-6561\" aria-expanded=\"false\">\n\t\t\t\t\t\t\t\t\t\t\t\t<span class=\"elementor-toggle-icon elementor-toggle-icon-right\" aria-hidden=\"true\">\n\t\t\t\t\t\t\t\t\t\t\t\t\t\t\t<span class=\"elementor-toggle-icon-closed\"><svg class=\"e-font-icon-svg e-fas-plus\" viewbox=\"0 0 448 512\" xmlns=\"http:\/\/www.w3.org\/2000\/svg\"><path d=\"M416 208H272V64c0-17.67-14.33-32-32-32h-32c-17.67 0-32 14.33-32 32v144H32c-17.67 0-32 14.33-32 32v32c0 17.67 14.33 32 32 32h144v144c0 17.67 14.33 32 32 32h32c17.67 0 32-14.33 32-32V304h144c17.67 0 32-14.33 32-32v-32c0-17.67-14.33-32-32-32z\"><\/path><\/svg><\/span>\n\t\t\t\t\t\t\t\t<span class=\"elementor-toggle-icon-opened\"><svg class=\"elementor-toggle-icon-opened e-font-icon-svg e-fas-minus\" viewbox=\"0 0 448 512\" xmlns=\"http:\/\/www.w3.org\/2000\/svg\"><path d=\"M416 208H32c-17.67 0-32 14.33-32 32v32c0 17.67 14.33 32 32 32h384c17.67 0 32-14.33 32-32v-32c0-17.67-14.33-32-32-32z\"><\/path><\/svg><\/span>\n\t\t\t\t\t\t\t\t\t\t\t\t\t<\/span>\n\t\t\t\t\t\t\t\t\t\t\t\t<a class=\"elementor-toggle-title\" tabindex=\"0\">Je ne me trouve pas photog\u00e9nique<\/a>\n\t\t\t\t\t<\/div>\n\n\t\t\t\t\t<div id=\"elementor-tab-content-6561\" class=\"elementor-tab-content elementor-clearfix\" data-tab=\"1\" role=\"region\" aria-labelledby=\"elementor-tab-title-6561\"><p class=\"p1\"><span class=\"s1\">C\u2019est justement mon r\u00f4le de vous guider pour vous sentir belle, confiante, et naturelle. Je travaille avec douceur, \u00e0 l\u2019\u00e9coute, pour r\u00e9v\u00e9ler la beaut\u00e9 et la tendresse de ce moment unique.<\/span><\/p><\/div>\n\t\t\t\t<\/div>\n\t\t\t\t\t\t\t<div class=\"elementor-toggle-item\">\n\t\t\t\t\t<div id=\"elementor-tab-title-6562\" class=\"elementor-tab-title\" data-tab=\"2\" role=\"button\" aria-controls=\"elementor-tab-content-6562\" aria-expanded=\"false\">\n\t\t\t\t\t\t\t\t\t\t\t\t<span class=\"elementor-toggle-icon elementor-toggle-icon-right\" aria-hidden=\"true\">\n\t\t\t\t\t\t\t\t\t\t\t\t\t\t\t<span class=\"elementor-toggle-icon-closed\"><svg class=\"e-font-icon-svg e-fas-plus\" viewbox=\"0 0 448 512\" xmlns=\"http:\/\/www.w3.org\/2000\/svg\"><path d=\"M416 208H272V64c0-17.67-14.33-32-32-32h-32c-17.67 0-32 14.33-32 32v144H32c-17.67 0-32 14.33-32 32v32c0 17.67 14.33 32 32 32h144v144c0 17.67 14.33 32 32 32h32c17.67 0 32-14.33 32-32V304h144c17.67 0 32-14.33 32-32v-32c0-17.67-14.33-32-32-32z\"><\/path><\/svg><\/span>\n\t\t\t\t\t\t\t\t<span class=\"elementor-toggle-icon-opened\"><svg class=\"elementor-toggle-icon-opened e-font-icon-svg e-fas-minus\" viewbox=\"0 0 448 512\" xmlns=\"http:\/\/www.w3.org\/2000\/svg\"><path d=\"M416 208H32c-17.67 0-32 14.33-32 32v32c0 17.67 14.33 32 32 32h384c17.67 0 32-14.33 32-32v-32c0-17.67-14.33-32-32-32z\"><\/path><\/svg><\/span>\n\t\t\t\t\t\t\t\t\t\t\t\t\t<\/span>\n\t\t\t\t\t\t\t\t\t\t\t\t<a class=\"elementor-toggle-title\" tabindex=\"0\">Quand recevons nous les photos ?<\/a>\n\t\t\t\t\t<\/div>\n\n\t\t\t\t\t<div id=\"elementor-tab-content-6562\" class=\"elementor-tab-content elementor-clearfix\" data-tab=\"2\" role=\"region\" aria-labelledby=\"elementor-tab-title-6562\"><p>Environ 2 semaines apr\u00e8s la s\u00e9ance. Je vous envoies souvent 2-3 photos en avant-premi\u00e8re dans les 48h qui suivent la s\u00e9ance.<\/p><\/div>\n\t\t\t\t<\/div>\n\t\t\t\t\t\t\t<div class=\"elementor-toggle-item\">\n\t\t\t\t\t<div id=\"elementor-tab-title-6563\" class=\"elementor-tab-title\" data-tab=\"3\" role=\"button\" aria-controls=\"elementor-tab-content-6563\" aria-expanded=\"false\">\n\t\t\t\t\t\t\t\t\t\t\t\t<span class=\"elementor-toggle-icon elementor-toggle-icon-right\" aria-hidden=\"true\">\n\t\t\t\t\t\t\t\t\t\t\t\t\t\t\t<span class=\"elementor-toggle-icon-closed\"><svg class=\"e-font-icon-svg e-fas-plus\" viewbox=\"0 0 448 512\" xmlns=\"http:\/\/www.w3.org\/2000\/svg\"><path d=\"M416 208H272V64c0-17.67-14.33-32-32-32h-32c-17.67 0-32 14.33-32 32v144H32c-17.67 0-32 14.33-32 32v32c0 17.67 14.33 32 32 32h144v144c0 17.67 14.33 32 32 32h32c17.67 0 32-14.33 32-32V304h144c17.67 0 32-14.33 32-32v-32c0-17.67-14.33-32-32-32z\"><\/path><\/svg><\/span>\n\t\t\t\t\t\t\t\t<span class=\"elementor-toggle-icon-opened\"><svg class=\"elementor-toggle-icon-opened e-font-icon-svg e-fas-minus\" viewbox=\"0 0 448 512\" xmlns=\"http:\/\/www.w3.org\/2000\/svg\"><path d=\"M416 208H32c-17.67 0-32 14.33-32 32v32c0 17.67 14.33 32 32 32h384c17.67 0 32-14.33 32-32v-32c0-17.67-14.33-32-32-32z\"><\/path><\/svg><\/span>\n\t\t\t\t\t\t\t\t\t\t\t\t\t<\/span>\n\t\t\t\t\t\t\t\t\t\t\t\t<a class=\"elementor-toggle-title\" tabindex=\"0\">Proposes-tu une s\u00e9ance naissance et des albums ?<\/a>\n\t\t\t\t\t<\/div>\n\n\t\t\t\t\t<div id=\"elementor-tab-content-6563\" class=\"elementor-tab-content elementor-clearfix\" data-tab=\"3\" role=\"region\" aria-labelledby=\"elementor-tab-title-6563\"><p class=\"p1\"><span class=\"s2\">Oui, possibles options compl\u00e9mentaires comme un album, des tirages ou une s\u00e9ance nouveau-n\u00e9. N\u2019h\u00e9sitez pas \u00e0 me demander la brochure compl\u00e8te, je r\u00e9alise \u00e9galement pour les 1 ans, une s\u00e9ance SMASH THE CAKE<\/span><\/p><\/div>\n\t\t\t\t<\/div>\n\t\t\t\t\t\t\t\t\t\t<script type=\"application\/ld+json\">{\n    \"@context\": \"https:\\\/\\\/schema.org\",\n    \"@type\": \"FAQPage\",\n    \"mainEntity\": [\n        {\n            \"@type\": \"Question\",\n            \"name\": \"Je ne me trouve pas photog\\u00e9nique\",\n            \"acceptedAnswer\": {\n                \"@type\": \"Answer\",\n                \"text\": \"<p class=\\\"p1\\\"><span class=\\\"s1\\\">C\\u2019est justement mon r\\u00f4le de vous guider pour vous sentir belle, confiante, et naturelle. Je travaille avec douceur, \\u00e0 l\\u2019\\u00e9coute, pour r\\u00e9v\\u00e9ler la beaut\\u00e9 et la tendresse de ce moment unique.<\\\/span><\\\/p>\"\n            }\n        },\n        {\n            \"@type\": \"Question\",\n            \"name\": \"Quand recevons nous les photos ?\",\n            \"acceptedAnswer\": {\n                \"@type\": \"Answer\",\n                \"text\": \"<p>Environ 2 semaines apr\\u00e8s la s\\u00e9ance. Je vous envoies souvent 2-3 photos en avant-premi\\u00e8re dans les 48h qui suivent la s\\u00e9ance.<\\\/p>\"\n            }\n        },\n        {\n            \"@type\": \"Question\",\n            \"name\": \"Proposes-tu une s\\u00e9ance naissance et des albums ?\",\n            \"acceptedAnswer\": {\n                \"@type\": \"Answer\",\n                \"text\": \"<p class=\\\"p1\\\"><span class=\\\"s2\\\">Oui, possibles options compl\\u00e9mentaires comme un album, des tirages ou une s\\u00e9ance nouveau-n\\u00e9. N\\u2019h\\u00e9sitez pas \\u00e0 me demander la brochure compl\\u00e8te, je r\\u00e9alise \\u00e9galement pour les 1 ans, une s\\u00e9ance SMASH THE CAKE<\\\/span><\\\/p>\"\n            }\n        }\n    ]\n}<\/script>\n\t\t\t\t\t<\/div>\n\t\t\t\t\t\t<\/div>\n\t\t\t\t<\/div>\n\t\t\t\t\t<\/div>\n\t\t<\/div>\n\t\t\t\t\t<\/div>\n\t\t<\/section>\n\t\t\t\t<section class=\"elementor-section elementor-top-section elementor-element elementor-element-1f29252c elementor-section-boxed elementor-section-height-default elementor-section-height-default\" data-id=\"1f29252c\" data-element_type=\"section\">\n\t\t\t\t\t\t<div class=\"elementor-container elementor-column-gap-narrow\">\n\t\t\t\t\t<div class=\"elementor-column elementor-col-100 elementor-top-column elementor-element elementor-element-45cf762\" data-id=\"45cf762\" data-element_type=\"column\">\n\t\t\t<div class=\"elementor-widget-wrap elementor-element-populated\">\n\t\t\t\t\t\t<section class=\"elementor-section elementor-inner-section elementor-element elementor-element-671e3e93 elementor-section-content-middle elementor-section-boxed elementor-section-height-default elementor-section-height-default\" data-id=\"671e3e93\" data-element_type=\"section\">\n\t\t\t\t\t\t<div class=\"elementor-container elementor-column-gap-wider\">\n\t\t\t\t\t<div class=\"elementor-column elementor-col-100 elementor-inner-column elementor-element elementor-element-2d742fa5\" data-id=\"2d742fa5\" data-element_type=\"column\">\n\t\t\t<div class=\"elementor-widget-wrap elementor-element-populated\">\n\t\t\t\t\t\t<div class=\"elementor-element elementor-element-87a13a1 elementor-invisible elementor-widget elementor-widget-image\" data-id=\"87a13a1\" data-element_type=\"widget\" data-settings=\"{&quot;_animation&quot;:&quot;fadeIn&quot;,&quot;_animation_mobile&quot;:&quot;none&quot;}\" data-widget_type=\"image.default\">\n\t\t\t\t<div class=\"elementor-widget-container\">\n\t\t\t\t\t\t\t\t\t\t\t\t\t\t\t<img fetchpriority=\"high\" decoding=\"async\" width=\"1812\" height=\"2560\" src=\"https:\/\/www.yohannfaupelphotography.fr\/wp-content\/uploads\/2022\/10\/JD-grossesse-0925-2-scaled.jpg\" class=\"attachment-full size-full wp-image-5420\" alt=\"\" srcset=\"https:\/\/www.yohannfaupelphotography.fr\/wp-content\/uploads\/2022\/10\/JD-grossesse-0925-2-scaled.jpg 1812w, https:\/\/www.yohannfaupelphotography.fr\/wp-content\/uploads\/2022\/10\/JD-grossesse-0925-2-212x300.jpg 212w, https:\/\/www.yohannfaupelphotography.fr\/wp-content\/uploads\/2022\/10\/JD-grossesse-0925-2-725x1024.jpg 725w, https:\/\/www.yohannfaupelphotography.fr\/wp-content\/uploads\/2022\/10\/JD-grossesse-0925-2-768x1085.jpg 768w, https:\/\/www.yohannfaupelphotography.fr\/wp-content\/uploads\/2022\/10\/JD-grossesse-0925-2-1087x1536.jpg 1087w, https:\/\/www.yohannfaupelphotography.fr\/wp-content\/uploads\/2022\/10\/JD-grossesse-0925-2-1450x2048.jpg 1450w\" sizes=\"(max-width: 1812px) 100vw, 1812px\" \/>\t\t\t\t\t\t\t\t\t\t\t\t\t\t\t<\/div>\n\t\t\t\t<\/div>\n\t\t\t\t\t<\/div>\n\t\t<\/div>\n\t\t\t\t\t<\/div>\n\t\t<\/section>\n\t\t\t\t\t<\/div>\n\t\t<\/div>\n\t\t\t\t\t<\/div>\n\t\t<\/section>\n\t\t\t\t<section class=\"elementor-section elementor-top-section elementor-element elementor-element-f347461 elementor-section-boxed elementor-section-height-default elementor-section-height-default\" data-id=\"f347461\" data-element_type=\"section\">\n\t\t\t\t\t\t<div class=\"elementor-container elementor-column-gap-default\">\n\t\t\t\t\t<div class=\"elementor-column elementor-col-100 elementor-top-column elementor-element elementor-element-690ffd0e\" data-id=\"690ffd0e\" data-element_type=\"column\">\n\t\t\t<div class=\"elementor-widget-wrap elementor-element-populated\">\n\t\t\t\t\t\t<div class=\"elementor-element elementor-element-460d6729 elementor-widget elementor-widget-heading\" data-id=\"460d6729\" data-element_type=\"widget\" data-widget_type=\"heading.default\">\n\t\t\t\t<div class=\"elementor-widget-container\">\n\t\t\t\t\t<h2 class=\"elementor-heading-title elementor-size-default\">D'autres questions ? Envie d'en savoir plus ?<\/h2>\t\t\t\t<\/div>\n\t\t\t\t<\/div>\n\t\t\t\t<div class=\"elementor-element elementor-element-3a2c997 elementor-widget-divider--view-line elementor-widget elementor-widget-divider\" data-id=\"3a2c997\" data-element_type=\"widget\" data-widget_type=\"divider.default\">\n\t\t\t\t<div class=\"elementor-widget-container\">\n\t\t\t\t\t\t\t<div class=\"elementor-divider\">\n\t\t\t<span class=\"elementor-divider-separator\">\n\t\t\t\t\t\t<\/span>\n\t\t<\/div>\n\t\t\t\t\t\t<\/div>\n\t\t\t\t<\/div>\n\t\t\t\t<div class=\"elementor-element elementor-element-26507984 elementor-widget elementor-widget-text-editor\" data-id=\"26507984\" data-element_type=\"widget\" data-widget_type=\"text-editor.default\">\n\t\t\t\t<div class=\"elementor-widget-container\">\n\t\t\t\t\t\t\t\t\t<p>Faites le premier pas, pour imaginez ensemble, votre future s\u00e9ance !<\/p>\t\t\t\t\t\t\t\t<\/div>\n\t\t\t\t<\/div>\n\t\t\t\t\t<\/div>\n\t\t<\/div>\n\t\t\t\t\t<\/div>\n\t\t<\/section>\n\t\t\t\t<\/div>","protected":false},"excerpt":{"rendered":"<p>FAQS Vos questions les plus fr\u00e9quentes A quel moment de la grossesse faut-il r\u00e9server sa s\u00e9ance ? Id\u00e9alement entre la 28e et la 34e semaine. Le ventre est bien rond, visible, et la future maman est encore suffisamment \u00e0 l\u2019aise pour poser. Mais bien entenud cela d\u00e9pend surtout de vos envies ! Ou se d\u00e9roule [&hellip;]<\/p>","protected":false},"author":1,"featured_media":0,"parent":0,"menu_order":0,"comment_status":"closed","ping_status":"closed","template":"elementor_header_footer","meta":{"footnotes":""},"class_list":["post-5125","page","type-page","status-publish","hentry"],"yoast_head":"<!-- This site is optimized with the Yoast SEO plugin v25.4 - https:\/\/yoast.com\/wordpress\/plugins\/seo\/ -->\n<title>FAQ GROSSESSE - Yohann Faupel Photography<\/title>\n<meta name=\"robots\" content=\"index, follow, max-snippet:-1, max-image-preview:large, max-video-preview:-1\" \/>\n<link rel=\"canonical\" href=\"https:\/\/www.yohannfaupelphotography.fr\/en\/faq-grossesse\/\" \/>\n<meta property=\"og:locale\" content=\"en_US\" \/>\n<meta property=\"og:type\" content=\"article\" \/>\n<meta property=\"og:title\" content=\"FAQ GROSSESSE - Yohann Faupel Photography\" \/>\n<meta property=\"og:description\" content=\"FAQS Vos questions les plus fr\u00e9quentes A quel moment de la grossesse faut-il r\u00e9server sa s\u00e9ance ? Id\u00e9alement entre la 28e et la 34e semaine. Le ventre est bien rond, visible, et la future maman est encore suffisamment \u00e0 l\u2019aise pour poser. Mais bien entenud cela d\u00e9pend surtout de vos envies ! Ou se d\u00e9roule [&hellip;]\" \/>\n<meta property=\"og:url\" content=\"https:\/\/www.yohannfaupelphotography.fr\/en\/faq-grossesse\/\" \/>\n<meta property=\"og:site_name\" content=\"Yohann Faupel Photography\" \/>\n<meta property=\"article:modified_time\" content=\"2025-06-09T23:12:57+00:00\" \/>\n<meta property=\"og:image\" content=\"https:\/\/www.yohannfaupelphotography.fr\/wp-content\/uploads\/elementor\/thumbs\/yfphotography_1305-47-scaled-r72lia3y67c9n99fekdixev6zmm3ipgr4yzlfzzisg.jpg\" \/>\n<meta name=\"twitter:card\" content=\"summary_large_image\" \/>\n<meta name=\"twitter:label1\" content=\"Est. reading time\" \/>\n\t<meta name=\"twitter:data1\" content=\"6 minutes\" \/>\n<script type=\"application\/ld+json\" class=\"yoast-schema-graph\">{\"@context\":\"https:\/\/schema.org\",\"@graph\":[{\"@type\":\"WebPage\",\"@id\":\"https:\/\/www.yohannfaupelphotography.fr\/faq-grossesse\/\",\"url\":\"https:\/\/www.yohannfaupelphotography.fr\/faq-grossesse\/\",\"name\":\"FAQ GROSSESSE - Yohann Faupel Photography\",\"isPartOf\":{\"@id\":\"https:\/\/www.yohannfaupelphotography.fr\/fr\/#website\"},\"primaryImageOfPage\":{\"@id\":\"https:\/\/www.yohannfaupelphotography.fr\/faq-grossesse\/#primaryimage\"},\"image\":{\"@id\":\"https:\/\/www.yohannfaupelphotography.fr\/faq-grossesse\/#primaryimage\"},\"thumbnailUrl\":\"https:\/\/www.yohannfaupelphotography.fr\/wp-content\/uploads\/elementor\/thumbs\/yfphotography_1305-47-scaled-r72lia3y67c9n99fekdixev6zmm3ipgr4yzlfzzisg.jpg\",\"datePublished\":\"2025-06-08T16:10:23+00:00\",\"dateModified\":\"2025-06-09T23:12:57+00:00\",\"breadcrumb\":{\"@id\":\"https:\/\/www.yohannfaupelphotography.fr\/faq-grossesse\/#breadcrumb\"},\"inLanguage\":\"en-US\",\"potentialAction\":[{\"@type\":\"ReadAction\",\"target\":[\"https:\/\/www.yohannfaupelphotography.fr\/faq-grossesse\/\"]}]},{\"@type\":\"ImageObject\",\"inLanguage\":\"en-US\",\"@id\":\"https:\/\/www.yohannfaupelphotography.fr\/faq-grossesse\/#primaryimage\",\"url\":\"https:\/\/www.yohannfaupelphotography.fr\/wp-content\/uploads\/elementor\/thumbs\/yfphotography_1305-47-scaled-r72lia3y67c9n99fekdixev6zmm3ipgr4yzlfzzisg.jpg\",\"contentUrl\":\"https:\/\/www.yohannfaupelphotography.fr\/wp-content\/uploads\/elementor\/thumbs\/yfphotography_1305-47-scaled-r72lia3y67c9n99fekdixev6zmm3ipgr4yzlfzzisg.jpg\"},{\"@type\":\"BreadcrumbList\",\"@id\":\"https:\/\/www.yohannfaupelphotography.fr\/faq-grossesse\/#breadcrumb\",\"itemListElement\":[{\"@type\":\"ListItem\",\"position\":1,\"name\":\"Accueil\",\"item\":\"https:\/\/www.yohannfaupelphotography.fr\/\"},{\"@type\":\"ListItem\",\"position\":2,\"name\":\"FAQ GROSSESSE\"}]},{\"@type\":\"WebSite\",\"@id\":\"https:\/\/www.yohannfaupelphotography.fr\/fr\/#website\",\"url\":\"https:\/\/www.yohannfaupelphotography.fr\/fr\/\",\"name\":\"Yohann Faupel Photography\",\"description\":\"Photographe mariage fine art bordeaux &amp; nantes\",\"publisher\":{\"@id\":\"https:\/\/www.yohannfaupelphotography.fr\/fr\/#organization\"},\"potentialAction\":[{\"@type\":\"SearchAction\",\"target\":{\"@type\":\"EntryPoint\",\"urlTemplate\":\"https:\/\/www.yohannfaupelphotography.fr\/fr\/?s={search_term_string}\"},\"query-input\":{\"@type\":\"PropertyValueSpecification\",\"valueRequired\":true,\"valueName\":\"search_term_string\"}}],\"inLanguage\":\"en-US\"},{\"@type\":\"Organization\",\"@id\":\"https:\/\/www.yohannfaupelphotography.fr\/fr\/#organization\",\"name\":\"Yohann Faupel Photography\",\"url\":\"https:\/\/www.yohannfaupelphotography.fr\/fr\/\",\"logo\":{\"@type\":\"ImageObject\",\"inLanguage\":\"en-US\",\"@id\":\"https:\/\/www.yohannfaupelphotography.fr\/fr\/#\/schema\/logo\/image\/\",\"url\":\"https:\/\/yohannfaupelphotography.fr\/wp-content\/uploads\/2025\/05\/cropped-photographe-mariage-bordeaux-scaled-1.jpg\",\"contentUrl\":\"https:\/\/yohannfaupelphotography.fr\/wp-content\/uploads\/2025\/05\/cropped-photographe-mariage-bordeaux-scaled-1.jpg\",\"width\":1584,\"height\":1503,\"caption\":\"Yohann Faupel Photography\"},\"image\":{\"@id\":\"https:\/\/www.yohannfaupelphotography.fr\/fr\/#\/schema\/logo\/image\/\"},\"sameAs\":[\"https:\/\/www.instagram.com\/_yfphotography?igsh=MWthdG9pdDZ4NzFwZQ&utm_source=qr\",\"https:\/\/www.tiktok.com\/@yhnn.fpl?_t=ZN-8xppI0EdJPK&_r=1\"]}]}<\/script>\n<!-- \/ Yoast SEO plugin. -->","yoast_head_json":{"title":"FAQ GROSSESSE - Yohann Faupel Photography","robots":{"index":"index","follow":"follow","max-snippet":"max-snippet:-1","max-image-preview":"max-image-preview:large","max-video-preview":"max-video-preview:-1"},"canonical":"https:\/\/www.yohannfaupelphotography.fr\/en\/faq-grossesse\/","og_locale":"en_US","og_type":"article","og_title":"FAQ GROSSESSE - Yohann Faupel Photography","og_description":"FAQS Vos questions les plus fr\u00e9quentes A quel moment de la grossesse faut-il r\u00e9server sa s\u00e9ance ? Id\u00e9alement entre la 28e et la 34e semaine. Le ventre est bien rond, visible, et la future maman est encore suffisamment \u00e0 l\u2019aise pour poser. Mais bien entenud cela d\u00e9pend surtout de vos envies ! Ou se d\u00e9roule [&hellip;]","og_url":"https:\/\/www.yohannfaupelphotography.fr\/en\/faq-grossesse\/","og_site_name":"Yohann Faupel Photography","article_modified_time":"2025-06-09T23:12:57+00:00","og_image":[{"url":"https:\/\/www.yohannfaupelphotography.fr\/wp-content\/uploads\/elementor\/thumbs\/yfphotography_1305-47-scaled-r72lia3y67c9n99fekdixev6zmm3ipgr4yzlfzzisg.jpg","type":"","width":"","height":""}],"twitter_card":"summary_large_image","twitter_misc":{"Est. reading time":"6 minutes"},"schema":{"@context":"https:\/\/schema.org","@graph":[{"@type":"WebPage","@id":"https:\/\/www.yohannfaupelphotography.fr\/faq-grossesse\/","url":"https:\/\/www.yohannfaupelphotography.fr\/faq-grossesse\/","name":"FAQ GROSSESSE - Yohann Faupel Photography","isPartOf":{"@id":"https:\/\/www.yohannfaupelphotography.fr\/fr\/#website"},"primaryImageOfPage":{"@id":"https:\/\/www.yohannfaupelphotography.fr\/faq-grossesse\/#primaryimage"},"image":{"@id":"https:\/\/www.yohannfaupelphotography.fr\/faq-grossesse\/#primaryimage"},"thumbnailUrl":"https:\/\/www.yohannfaupelphotography.fr\/wp-content\/uploads\/elementor\/thumbs\/yfphotography_1305-47-scaled-r72lia3y67c9n99fekdixev6zmm3ipgr4yzlfzzisg.jpg","datePublished":"2025-06-08T16:10:23+00:00","dateModified":"2025-06-09T23:12:57+00:00","breadcrumb":{"@id":"https:\/\/www.yohannfaupelphotography.fr\/faq-grossesse\/#breadcrumb"},"inLanguage":"en-US","potentialAction":[{"@type":"ReadAction","target":["https:\/\/www.yohannfaupelphotography.fr\/faq-grossesse\/"]}]},{"@type":"ImageObject","inLanguage":"en-US","@id":"https:\/\/www.yohannfaupelphotography.fr\/faq-grossesse\/#primaryimage","url":"https:\/\/www.yohannfaupelphotography.fr\/wp-content\/uploads\/elementor\/thumbs\/yfphotography_1305-47-scaled-r72lia3y67c9n99fekdixev6zmm3ipgr4yzlfzzisg.jpg","contentUrl":"https:\/\/www.yohannfaupelphotography.fr\/wp-content\/uploads\/elementor\/thumbs\/yfphotography_1305-47-scaled-r72lia3y67c9n99fekdixev6zmm3ipgr4yzlfzzisg.jpg"},{"@type":"BreadcrumbList","@id":"https:\/\/www.yohannfaupelphotography.fr\/faq-grossesse\/#breadcrumb","itemListElement":[{"@type":"ListItem","position":1,"name":"Accueil","item":"https:\/\/www.yohannfaupelphotography.fr\/"},{"@type":"ListItem","position":2,"name":"FAQ GROSSESSE"}]},{"@type":"WebSite","@id":"https:\/\/www.yohannfaupelphotography.fr\/fr\/#website","url":"https:\/\/www.yohannfaupelphotography.fr\/fr\/","name":"Yohann Faupel Photography","description":"Photographe mariage fine art bordeaux &amp; nantes","publisher":{"@id":"https:\/\/www.yohannfaupelphotography.fr\/fr\/#organization"},"potentialAction":[{"@type":"SearchAction","target":{"@type":"EntryPoint","urlTemplate":"https:\/\/www.yohannfaupelphotography.fr\/fr\/?s={search_term_string}"},"query-input":{"@type":"PropertyValueSpecification","valueRequired":true,"valueName":"search_term_string"}}],"inLanguage":"en-US"},{"@type":"Organization","@id":"https:\/\/www.yohannfaupelphotography.fr\/fr\/#organization","name":"Yohann Faupel Photography","url":"https:\/\/www.yohannfaupelphotography.fr\/fr\/","logo":{"@type":"ImageObject","inLanguage":"en-US","@id":"https:\/\/www.yohannfaupelphotography.fr\/fr\/#\/schema\/logo\/image\/","url":"https:\/\/yohannfaupelphotography.fr\/wp-content\/uploads\/2025\/05\/cropped-photographe-mariage-bordeaux-scaled-1.jpg","contentUrl":"https:\/\/yohannfaupelphotography.fr\/wp-content\/uploads\/2025\/05\/cropped-photographe-mariage-bordeaux-scaled-1.jpg","width":1584,"height":1503,"caption":"Yohann Faupel Photography"},"image":{"@id":"https:\/\/www.yohannfaupelphotography.fr\/fr\/#\/schema\/logo\/image\/"},"sameAs":["https:\/\/www.instagram.com\/_yfphotography?igsh=MWthdG9pdDZ4NzFwZQ&utm_source=qr","https:\/\/www.tiktok.com\/@yhnn.fpl?_t=ZN-8xppI0EdJPK&_r=1"]}]}},"_links":{"self":[{"href":"https:\/\/www.yohannfaupelphotography.fr\/en\/wp-json\/wp\/v2\/pages\/5125","targetHints":{"allow":["GET"]}}],"collection":[{"href":"https:\/\/www.yohannfaupelphotography.fr\/en\/wp-json\/wp\/v2\/pages"}],"about":[{"href":"https:\/\/www.yohannfaupelphotography.fr\/en\/wp-json\/wp\/v2\/types\/page"}],"author":[{"embeddable":true,"href":"https:\/\/www.yohannfaupelphotography.fr\/en\/wp-json\/wp\/v2\/users\/1"}],"replies":[{"embeddable":true,"href":"https:\/\/www.yohannfaupelphotography.fr\/en\/wp-json\/wp\/v2\/comments?post=5125"}],"version-history":[{"count":10,"href":"https:\/\/www.yohannfaupelphotography.fr\/en\/wp-json\/wp\/v2\/pages\/5125\/revisions"}],"predecessor-version":[{"id":5492,"href":"https:\/\/www.yohannfaupelphotography.fr\/en\/wp-json\/wp\/v2\/pages\/5125\/revisions\/5492"}],"wp:attachment":[{"href":"https:\/\/www.yohannfaupelphotography.fr\/en\/wp-json\/wp\/v2\/media?parent=5125"}],"curies":[{"name":"wp","href":"https:\/\/api.w.org\/{rel}","templated":true}]}}